{"id":106,"date":"2024-01-16T08:57:43","date_gmt":"2024-01-16T08:57:43","guid":{"rendered":"https:\/\/snitz.se\/grundskola\/?page_id=106"},"modified":"2024-02-06T13:44:12","modified_gmt":"2024-02-06T13:44:12","slug":"synpunkter-pa-verksamheten","status":"publish","type":"page","link":"https:\/\/snitz.se\/grundskola\/vart-kvalitetsarbete\/synpunkter-pa-verksamheten\/","title":{"rendered":"Synpunkter p\u00e5 verksamheten"},"content":{"rendered":"\n\t\n\t\n\t\n\n\t\n\t\n\t\t\n<section  class=\"c-block l-stacked  \" data-color-scheme=\"white\">\n\t<div class=\"ams-fifty ams-fifty--container ams-fifty--right ams-fifty--bottom l-container u-pt-fluid-3xl-6xl u-pb-fluid-3xl-6xl\">\n\t\t<div class=\"ams-fifty__content l-stack l-stack-xl is-left is-left@lg\">\n\t\t\t<div class=\"ams-fifty__text l-stack l-stack-lg\">\n\t\t\t\t\t\n\t<h1\n\tclass=\"c-heading u-font-title-1 \"\n\tstyle=\"\">\n\t\t\n\t\t\t\t\tSynpunkter p\u00e5 verksamheten\n\t\t\t\t\n\t<\/h1>\n\n\t\t\t\t\t\t\t\t\t<div class=\"text l-stack u-font-body\">\n\t\t\t\t\t\t<p><span data-sheets-root=\"1\" data-sheets-value=\"{&quot;1&quot;:2,&quot;2&quot;:&quot;Vi vill att v\u00e5r skola ska vara s\u00e5 bra som m\u00f6jligt f\u00f6r alla! V\u00e5rt m\u00e5l \u00e4r att erbjuda en h\u00f6g och god kvalitet i v\u00e5r verksamhet. D\u00e4rf\u00f6r \u00e4r det viktigt att vi f\u00e5r information om eventuella brister, s\u00e5 att vi i dialog med dig kan f\u00f6rb\u00e4ttra och utveckla verksamheten.&quot;}\" data-sheets-userformat=\"{&quot;2&quot;:5025,&quot;3&quot;:{&quot;1&quot;:0},&quot;8&quot;:{&quot;1&quot;:[{&quot;1&quot;:2,&quot;2&quot;:0,&quot;5&quot;:{&quot;1&quot;:2,&quot;2&quot;:0}},{&quot;1&quot;:0,&quot;2&quot;:0,&quot;3&quot;:3},{&quot;1&quot;:1,&quot;2&quot;:0,&quot;4&quot;:1}]},&quot;10&quot;:0,&quot;11&quot;:4,&quot;12&quot;:0,&quot;15&quot;:&quot;Helvetica Neue&quot;}\">Vi vill att v\u00e5r skola ska vara s\u00e5 bra som m\u00f6jligt f\u00f6r alla! V\u00e5rt m\u00e5l \u00e4r att erbjuda en h\u00f6g och god kvalitet i v\u00e5r verksamhet. D\u00e4rf\u00f6r \u00e4r det viktigt att vi f\u00e5r information om eventuella brister, s\u00e5 att vi i dialog med dig kan f\u00f6rb\u00e4ttra och utveckla verksamheten.<\/span><\/p>\n\n\t\t\t\t\t<\/div>\n\t\t\t\t\t\t\t<\/div>\n\n\t\t\t\t\t<\/div>\n\n\t\t <div class=\"ams-fifty__media u-ratio-square\">\n\t\t \t\t\t\t\t<img loading=\"lazy\" decoding=\"async\" width=\"600\" height=\"400\" src=\"https:\/\/snitz.se\/wp-content\/uploads\/sites\/4\/2024\/02\/snitz-grundskola-synpunkter-stockholm-202309-scaled-600x400.jpg\" class=\"attachment-md size-md\" alt=\"F\u00e4rgglada pennor ligger sorterade i en l\u00e5da.\" sizes=\"(min-width: 64em) 600px, calc(100vw - 160px)\" srcset=\"https:\/\/snitz.se\/wp-content\/uploads\/sites\/4\/2024\/02\/snitz-grundskola-synpunkter-stockholm-202309-scaled-600x400.jpg 600w, https:\/\/snitz.se\/wp-content\/uploads\/sites\/4\/2024\/02\/snitz-grundskola-synpunkter-stockholm-202309-scaled-300x200.jpg 300w, https:\/\/snitz.se\/wp-content\/uploads\/sites\/4\/2024\/02\/snitz-grundskola-synpunkter-stockholm-202309-scaled-400x267.jpg 400w, https:\/\/snitz.se\/wp-content\/uploads\/sites\/4\/2024\/02\/snitz-grundskola-synpunkter-stockholm-202309-scaled-800x533.jpg 800w, https:\/\/snitz.se\/wp-content\/uploads\/sites\/4\/2024\/02\/snitz-grundskola-synpunkter-stockholm-202309-scaled-1024x683.jpg 1024w, https:\/\/snitz.se\/wp-content\/uploads\/sites\/4\/2024\/02\/snitz-grundskola-synpunkter-stockholm-202309-scaled-1200x800.jpg 1200w\" \/>\n\t\t\t\n\t\t\t\n\t\t\t\t\t<\/div>\n\t<\/div>\n\n\t\t\n\n<\/section>\n\n\n\n<section \n\t\t class=\"\n\t\t ams-contact\n\t\t \n\t\t c-block l-stacked\n\t\t \n\t\t \n\t\t js-load-more\n\t\t \"\n\t\t data-color-scheme=\"gray\"\n\t\t\t\t\tdata-count=\"3\"\n\t\t\t\t\t\t\tdata-count-mobile=\"2\"\n\t\t\t\t>\n\t<div\n\t\t class=\"\n\t\t l-container\n\t\t l-stack l-stack-fluid-2xl\n\t\t u-pt-fluid-3xl-6xl\n\t\t u-pb-fluid-3xl-6xl\n\t\t is-center\n\t\t is-center@md\n\t\t \">\n\t\t\t\t\t<div class=\"ams-contact__intro l-stack l-stack-lg\">\n\t\t\t\t\t\n\t<h2\n\tclass=\"c-heading u-font-title-1 \"\n\tstyle=\"\">\n\t\t\n\t\t\t\t\tB\u00f6rja alltid med att kontakta skolan\n\t\t\t\t\n\t<\/h2>\n\n\t\t\t\t\t\t\t\t\t<div class=\"c-text l-stack u-cs-xl u-font-body\">\n\t\t\t\t\t\t<p><span data-sheets-root=\"1\" data-sheets-value=\"{&quot;1&quot;:2,&quot;2&quot;:&quot;I f\u00f6rsta hand ska du v\u00e4nda dig till ber\u00f6rd skolpersonal och i andra hand rektor.&quot;}\" data-sheets-userformat=\"{&quot;2&quot;:801,&quot;3&quot;:{&quot;1&quot;:0},&quot;8&quot;:{&quot;1&quot;:[{&quot;1&quot;:2,&quot;2&quot;:0,&quot;5&quot;:{&quot;1&quot;:2,&quot;2&quot;:0}},{&quot;1&quot;:0,&quot;2&quot;:0,&quot;3&quot;:3},{&quot;1&quot;:1,&quot;2&quot;:0,&quot;4&quot;:1}]},&quot;11&quot;:4,&quot;12&quot;:0}\">I f\u00f6rsta hand ska du v\u00e4nda dig till ber\u00f6rd skolpersonal och i andra hand rektor.<\/span><\/p>\n\n\t\t\t\t\t<\/div>\n\t\t\t\t\t\t\t<\/div>\n\t\t\n\t\t\n\t\t    \t\n\t\t\n\t\t<ul\n\t\t\tid=\"contact-grid-69f3f1efd6c4b\"\n\t\t\tclass=\"ams-contact__list l-grid u-gap-fluid-2xl-4xl u-justify-center js-results \"\n\t\t\taria-label=\"Kontakter\"\n\t\t\tdata-filter-animation=\"off\"\n\t\t\t>\n\t\t\t\t\t\t\t\t\t\t\t\n\t\t\t\t\n\t\t\t\t<li class=\"l-col-12 \" data-filter=\"elevhalsa skolledning\">\n\t\t\t\t\t<article class=\"c-card u-justify-center\" data-variant=\"inline\">\n\t\t\t\t\t\t<div class=\"c-card__content u-flex-basis-auto u-flex-grow-0 u-text-center@mobile\">\n\t\t\t\t\t\t\t\t\t\t\t\t\t\t\t<h3 class=\"c-card__title u-font-title-3\">\n\t\t\t\t\t\t\t\t\tAnnSofi Rydholm\n\t\t\t\t\t\t\t\t<\/h3>\n\t\t\t\t\t\t\t\n\t\t\t\t\t\t\t\t\t\t\t\t\t\t\t<p class=\"position u-font-body\">Rektor<\/p>\n\t\t\t\t\t\t\t\n\t\t\t\t\t\t\t\t\t\t\t\t\t\t\t<div class=\"contact-info u-font-body\">\n\t\t\t\t\t\t\t\t\t\t\t\t\t\t\t\t\t\t\t\t\t\t\t\t\t\t\t\t\t\t<p class=\"phone\"><a\n\t\t\t\t\t\t\t\t\t\t\t\t\thref=\"tel:0705562624\"\n\t\t\t\t\t\t\t\t\t\t\t\t\tclass=\"u-text-link\">070-556 26 24<\/a>\n\t\t\t\t\t\t\t\t\t\t\t<\/p>\n\t\t\t\t\t\t\t\t\t\t\t\t\t\t\t\t\t\t\t\n\t\t\t\t\t\t\t\t\t\t\t\t\t\t\t\t\t\t\t\t\t\t\t\t\t\t\t\t\t\t<p class=\"email\"><a\n\t\t\t\t\t\t\t\t\t\t\t\t\thref=\"mai&#108;&#116;o:&#097;&#110;ns&#111;&#102;&#105;&#046;&#114;y&#100;&#104;&#111;&#108;&#109;&#064;vitt&#114;a&#046;&#115;e\"\n\t\t\t\t\t\t\t\t\t\t\t\t\tclass=\"u-text-link\">anns&#111;&#102;&#105;.&#114;y&#100;hol&#109;&#064;&#118;&#105;&#116;&#116;r&#097;.&#115;e<\/a>\n\t\t\t\t\t\t\t\t\t\t\t<\/p>\n\t\t\t\t\t\t\t\t\t\t\t\t\t\t\t\t\t\t\t\t\t\t\t\t\t\t\t<\/div>\n\t\t\t\t\t\t\t\n\t\t\t\t\t\t\t\t\t\t\t\t\t<\/div>\n\t\t\t\t\t\t<div class=\"c-card__media\">\n\t\t\t\t\t\t\t\t\t\t\t\t\t\t\t\t\t\t\t\t\t\t\t\t\t\t\t\t\t\t\t\t\t\t\t\t\t\t\t\t\t\t\t\t\t\t\t\t\t<img loading=\"lazy\" decoding=\"async\" width=\"177\" height=\"203\" src=\"https:\/\/snitz.se\/wp-content\/uploads\/sites\/4\/2024\/01\/snitz-grundskola-rektor.png\" class=\"u-radius-round u-ratio-landscape  \" alt=\"Personportr\u00e4tt.\" sizes=\"(max-width: 300px) 100vw, 300px\" \/>\n\t\t\t\t\t\t<\/div>\n\t\t\t\t\t<\/article>\n\t\t\t\t<\/li>\n\t\t\t\t\t<\/ul>\n\n\t\t\n\t\t    <div class=\"ams-contact__more u-inline-items js-load-more-btn\">\n        <button href=\"#\"\n                class=\"c-btn\"\n                data-style=\"rounded\"\n                data-size=\"md\"\n                data-width=\"full-mobile\"\n                data-variant=\"outline\">\n        \tVisa mer\n        <\/button>\n    <\/div>\n\n\t\t\t<\/div>\n\n\t\t\n\n<\/section>\n\n\n\n\n<section  class=\"ams-timeline c-block l-stacked\" data-color-scheme=\"timeline\">\n\t<div class=\"l-container-full l-stack l-stack-fluid-2xl u-pt-fluid-3xl-6xl u-pb-fluid-3xl-6xl is-center is-center@md\">\n\t\t\t\t\t<div class=\"ams-timeline__intro l-stack l-stack-lg\">\n\t\t\t\t\t\n\t<h2\n\tclass=\"c-heading u-font-title-1 \"\n\tstyle=\"\">\n\t\t\n\t\t\t\t\tS\u00e5 g\u00e5r det till\n\t\t\t\t\n\t<\/h2>\n\n\t\t\t\t\t\t\t<\/div>\n\t\t\n\t\t\t\t\t\n<ol class=\"c-steps\" data-variant=\"horizontal\" data-size=\"lg\">\n\t\t\t<li class=\"c-steps__item \"\n\t\t\t\n\t\t\t>\n\t\t\t\t\t\t\t<div class=\"c-steps__circle u-radius-round\">\n\t\t\t\t\t\t\t\t\t\t\t<img loading=\"lazy\" decoding=\"async\" width=\"150\" height=\"150\" src=\"https:\/\/snitz.se\/wp-content\/uploads\/sites\/4\/2024\/01\/snitzsiffra1tidslinje300x300-150x150.png\" class=\"\" alt=\"Siffran 1.\" srcset=\"https:\/\/snitz.se\/wp-content\/uploads\/sites\/4\/2024\/01\/snitzsiffra1tidslinje300x300-150x150.png 150w, https:\/\/snitz.se\/wp-content\/uploads\/sites\/4\/2024\/01\/snitzsiffra1tidslinje300x300.png 300w\" sizes=\"(max-width: 150px) 100vw, 150px\" \/>\n\t\t\t\t\t\t\t\t\t<\/div>\n\t\t\t\n\t\t\t\t\t\t\t<div class=\"c-steps__content l-stack-xs\">\n\t\t\t\t\t\t\t\t\t\t\t<h3 class=\"c-steps__title u-font-title-3\">\n\t\t\t\t\t\t\t\t\t\t\t\t\t\t\tPrata med skolan f\u00f6rst\n\t\t\t\t\t\t\t\t\t\t\t\t\t<\/h3>\n\t\t\t\t\t\n\t\t\t\t\t\t\t\t\t\t\t<div class=\"c-steps__text l-stack-sm u-font-body\">\n\t\t\t\t\t\t\t<p>I f\u00f6rsta hand b\u00f6r du som har synpunkter eller klagom\u00e5l p\u00e5 verksamheten v\u00e4nda dig till aktuell skolpersonal. Om du inte f\u00e5r hj\u00e4lp av personal p\u00e5 skolan b\u00f6r du som n\u00e4sta steg kontakta rektorn. Synpunkter och klagom\u00e5l kan l\u00e4mnas skriftligt, muntligt eller via bes\u00f6k.<\/p>\n\n\t\t\t\t\t\t<\/div>\n\t\t\t\t\t\t\t\t\t<\/div>\n\t\t\t\t\t<\/li>\n\t\t\t<li class=\"c-steps__item \"\n\t\t\t\n\t\t\t>\n\t\t\t\t\t\t\t<div class=\"c-steps__circle u-radius-round\">\n\t\t\t\t\t\t\t\t\t\t\t<img loading=\"lazy\" decoding=\"async\" width=\"150\" height=\"150\" src=\"https:\/\/snitz.se\/wp-content\/uploads\/sites\/4\/2024\/01\/snitzsiffra2tidslinje300x300-150x150.png\" class=\"\" alt=\"Siffran 2.\" srcset=\"https:\/\/snitz.se\/wp-content\/uploads\/sites\/4\/2024\/01\/snitzsiffra2tidslinje300x300-150x150.png 150w, https:\/\/snitz.se\/wp-content\/uploads\/sites\/4\/2024\/01\/snitzsiffra2tidslinje300x300.png 300w\" sizes=\"(max-width: 150px) 100vw, 150px\" \/>\n\t\t\t\t\t\t\t\t\t<\/div>\n\t\t\t\n\t\t\t\t\t\t\t<div class=\"c-steps__content l-stack-xs\">\n\t\t\t\t\t\t\t\t\t\t\t<h3 class=\"c-steps__title u-font-title-3\">\n\t\t\t\t\t\t\t\t\t\t\t\t\t\t\tAtt l\u00e4mna ett klagom\u00e5l till huvudmannen\n\t\t\t\t\t\t\t\t\t\t\t\t\t<\/h3>\n\t\t\t\t\t\n\t\t\t\t\t\t\t\t\t\t\t<div class=\"c-steps__text l-stack-sm u-font-body\">\n\t\t\t\t\t\t\t<p>Enligt 4 kap. 8 \u00a7 skollagen (2010:800) ska huvudmannen ha skriftliga rutiner f\u00f6r att ta emot och utreda klagom\u00e5l mot utbildningen. Om du fortfarande inte \u00e4r n\u00f6jd kan du v\u00e4nda dig till skolans huvudman, som \u00e4r niv\u00e5n \u00f6ver rektor.<\/p>\n\n\t\t\t\t\t\t<\/div>\n\t\t\t\t\t\t\t\t\t<\/div>\n\t\t\t\t\t<\/li>\n\t\t\t<li class=\"c-steps__item \"\n\t\t\t\n\t\t\t>\n\t\t\t\t\t\t\t<div class=\"c-steps__circle u-radius-round\">\n\t\t\t\t\t\t\t\t\t\t\t<img loading=\"lazy\" decoding=\"async\" width=\"150\" height=\"150\" src=\"https:\/\/snitz.se\/wp-content\/uploads\/sites\/4\/2024\/01\/snitzsiffra3tidslinje300x300-150x150.png\" class=\"\" alt=\"Siffran 3.\" srcset=\"https:\/\/snitz.se\/wp-content\/uploads\/sites\/4\/2024\/01\/snitzsiffra3tidslinje300x300-150x150.png 150w, https:\/\/snitz.se\/wp-content\/uploads\/sites\/4\/2024\/01\/snitzsiffra3tidslinje300x300.png 300w\" sizes=\"(max-width: 150px) 100vw, 150px\" \/>\n\t\t\t\t\t\t\t\t\t<\/div>\n\t\t\t\n\t\t\t\t\t\t\t<div class=\"c-steps__content l-stack-xs\">\n\t\t\t\t\t\t\t\t\t\t\t<h3 class=\"c-steps__title u-font-title-3\">\n\t\t\t\t\t\t\t\t\t\t\t\t\t\t\tVi bekr\u00e4ftar dina synpunkter\n\t\t\t\t\t\t\t\t\t\t\t\t\t<\/h3>\n\t\t\t\t\t\n\t\t\t\t\t\t\t\t\t\t\t<div class=\"c-steps__text l-stack-sm u-font-body\">\n\t\t\t\t\t\t\t<p>N\u00e4r du l\u00e4mnat dina synpunkter kommer dessa att skickas direkt till huvudmannen som, s\u00e5vida du inte valt att vara anonym, kommer att bekr\u00e4fta att synpunkterna mottagits.<\/p>\n\n\t\t\t\t\t\t<\/div>\n\t\t\t\t\t\t\t\t\t<\/div>\n\t\t\t\t\t<\/li>\n\t<\/ol>\n\t\n\t\t\t<div class=\"ams-timeline__action u-inline-items\">\n\t\t\t\t\t\t\t\n\n\n<a href=\"https:\/\/snitz.se\/grundskola\/vart-kvalitetsarbete\/lamna-synpunkter\/\"\n\t\n\tclass=\"c-btn \"\n\tdata-style=\"rounded\"\n\tdata-size=\"md\"\n\tdata-width=\"full-mobile\"\n\tdata-variant=\"default\"\n\ttarget=\"_self\">\n\t\t\t<span class=\"label\"> L\u00e4mna synpunkter till huvudman<\/span>\n\t\t\t<\/a>\n\t\t\t<\/div>\n\t<\/div>\n\n\t\t\n\n<\/section>\n\n\n\n\n<section  class=\"ams-cta ams-cta--stacked c-block l-stacked\" data-color-scheme=\"gray\">\n\t<div class=\"l-container-narrow l-stack l-stack-fluid-2xl u-pt-fluid-3xl-6xl u-pb-fluid-3xl-6xl is-center is-center@md\">\n\t\t\t\t\t<div class=\"ams-cta__intro l-stack l-stack-lg\">\n\t\t\t\t\t\n\t<h2\n\tclass=\"c-heading u-font-title-1 \"\n\tstyle=\"\">\n\t\t\n\t\t\t\t\tHar du fr\u00e5gor?\n\t\t\t\t\n\t<\/h2>\n\n\t\t\t\t\t\t\t\t\t<div class=\"c-text l-stack u-cs-xl u-font-body\">\n\t\t\t\t\t\t<p><span data-sheets-root=\"1\" data-sheets-value=\"{&quot;1&quot;:2,&quot;2&quot;:&quot;Om du har n\u00e5gra fr\u00e5gor \u00e4r du alltid v\u00e4lkommen att kontakta oss. Du kan ocks\u00e5 l\u00e4sa mer om v\u00e5rt kvalitetsarbete via knappen nedan.&quot;}\" data-sheets-userformat=\"{&quot;2&quot;:801,&quot;3&quot;:{&quot;1&quot;:0},&quot;8&quot;:{&quot;1&quot;:[{&quot;1&quot;:2,&quot;2&quot;:0,&quot;5&quot;:{&quot;1&quot;:2,&quot;2&quot;:0}},{&quot;1&quot;:0,&quot;2&quot;:0,&quot;3&quot;:3},{&quot;1&quot;:1,&quot;2&quot;:0,&quot;4&quot;:1}]},&quot;11&quot;:4,&quot;12&quot;:0}\">Om du har n\u00e5gra fr\u00e5gor \u00e4r du alltid v\u00e4lkommen att kontakta oss. Du kan ocks\u00e5 l\u00e4sa mer om v\u00e5rt kvalitetsarbete via knappen nedan.<\/span><\/p>\n\n\t\t\t\t\t<\/div>\n\t\t\t\t\t\t\t<\/div>\n\t\t\n\t\t\n\t\t\t<div class=\"ams-cta__action u-inline-items\">\n\t\t\t\t\t\t\t\n\n\n<a href=\"https:\/\/snitz.se\/grundskola\/kontakta-oss\/\"\n\t\n\tclass=\"c-btn \"\n\tdata-style=\"rounded\"\n\tdata-size=\"md\"\n\tdata-width=\"full-mobile\"\n\tdata-variant=\"default\"\n\ttarget=\"_self\">\n\t\t\t<span class=\"label\"> Kontakta oss<\/span>\n\t\t\t<\/a>\n\t\t\t\t\t\t\t\n\n\n<a href=\"https:\/\/snitz.se\/grundskola\/vart-kvalitetsarbete\/\"\n\t\n\tclass=\"c-btn \"\n\tdata-style=\"rounded\"\n\tdata-size=\"md\"\n\tdata-width=\"full-mobile\"\n\tdata-variant=\"outline\"\n\ttarget=\"_self\">\n\t\t\t<span class=\"label\"> V\u00e5rt kvalitetsarbete<\/span>\n\t\t\t<\/a>\n\t\t\t<\/div>\n\t<\/div>\n\n\t\t\n\n<\/section>\n","protected":false},"excerpt":{"rendered":"","protected":false},"author":1,"featured_media":0,"parent":104,"menu_order":0,"comment_status":"closed","ping_status":"closed","template":"","meta":{"footnotes":""},"yoast_head":"<!-- This site is optimized with the Yoast SEO plugin v22.0 - https:\/\/yoast.com\/wordpress\/plugins\/seo\/ -->\n<title>Snitz Grundskola<\/title>\n<meta name=\"robots\" content=\"index, follow, max-snippet:-1, max-image-preview:large, max-video-preview:-1\" \/>\n<link rel=\"canonical\" href=\"https:\/\/snitz.se\/grundskola\/vart-kvalitetsarbete\/synpunkter-pa-verksamheten\/\" \/>\n<meta property=\"og:locale\" content=\"sv_SE\" \/>\n<meta property=\"og:type\" content=\"article\" \/>\n<meta property=\"og:url\" content=\"https:\/\/snitz.se\/grundskola\/vart-kvalitetsarbete\/synpunkter-pa-verksamheten\/\" \/>\n<meta property=\"og:site_name\" content=\"Snitz Grundskola\" \/>\n<meta property=\"article:modified_time\" content=\"2024-02-06T13:44:12+00:00\" \/>\n<meta name=\"twitter:card\" content=\"summary_large_image\" \/>\n<script type=\"application\/ld+json\" class=\"yoast-schema-graph\">{\"@context\":\"https:\/\/schema.org\",\"@graph\":[{\"@type\":\"WebPage\",\"@id\":\"https:\/\/snitz.se\/grundskola\/vart-kvalitetsarbete\/synpunkter-pa-verksamheten\/\",\"url\":\"https:\/\/snitz.se\/grundskola\/vart-kvalitetsarbete\/synpunkter-pa-verksamheten\/\",\"name\":\"Synpunkter p\u00e5 verksamheten - Snitz Grundskola\",\"isPartOf\":{\"@id\":\"https:\/\/snitz.se\/grundskola\/#website\"},\"datePublished\":\"2024-01-16T08:57:43+00:00\",\"dateModified\":\"2024-02-06T13:44:12+00:00\",\"breadcrumb\":{\"@id\":\"https:\/\/snitz.se\/grundskola\/vart-kvalitetsarbete\/synpunkter-pa-verksamheten\/#breadcrumb\"},\"inLanguage\":\"sv-SE\",\"potentialAction\":[{\"@type\":\"ReadAction\",\"target\":[\"https:\/\/snitz.se\/grundskola\/vart-kvalitetsarbete\/synpunkter-pa-verksamheten\/\"]}]},{\"@type\":\"BreadcrumbList\",\"@id\":\"https:\/\/snitz.se\/grundskola\/vart-kvalitetsarbete\/synpunkter-pa-verksamheten\/#breadcrumb\",\"itemListElement\":[{\"@type\":\"ListItem\",\"position\":1,\"name\":\"Hem\",\"item\":\"https:\/\/snitz.se\/grundskola\/\"},{\"@type\":\"ListItem\",\"position\":2,\"name\":\"V\u00e5rt kvalitetsarbete\",\"item\":\"https:\/\/snitz.se\/grundskola\/vart-kvalitetsarbete\/\"},{\"@type\":\"ListItem\",\"position\":3,\"name\":\"Synpunkter p\u00e5 verksamheten\"}]},{\"@type\":\"WebSite\",\"@id\":\"https:\/\/snitz.se\/grundskola\/#website\",\"url\":\"https:\/\/snitz.se\/grundskola\/\",\"name\":\"Snitz Grundskola\",\"description\":\"Just another WordPress site\",\"potentialAction\":[{\"@type\":\"SearchAction\",\"target\":{\"@type\":\"EntryPoint\",\"urlTemplate\":\"https:\/\/snitz.se\/grundskola\/?s={search_term_string}\"},\"query-input\":\"required name=search_term_string\"}],\"inLanguage\":\"sv-SE\"}]}<\/script>\n<!-- \/ Yoast SEO plugin. -->","yoast_head_json":{"title":"Snitz Grundskola","robots":{"index":"index","follow":"follow","max-snippet":"max-snippet:-1","max-image-preview":"max-image-preview:large","max-video-preview":"max-video-preview:-1"},"canonical":"https:\/\/snitz.se\/grundskola\/vart-kvalitetsarbete\/synpunkter-pa-verksamheten\/","og_locale":"sv_SE","og_type":"article","og_url":"https:\/\/snitz.se\/grundskola\/vart-kvalitetsarbete\/synpunkter-pa-verksamheten\/","og_site_name":"Snitz Grundskola","article_modified_time":"2024-02-06T13:44:12+00:00","twitter_card":"summary_large_image","schema":{"@context":"https:\/\/schema.org","@graph":[{"@type":"WebPage","@id":"https:\/\/snitz.se\/grundskola\/vart-kvalitetsarbete\/synpunkter-pa-verksamheten\/","url":"https:\/\/snitz.se\/grundskola\/vart-kvalitetsarbete\/synpunkter-pa-verksamheten\/","name":"Synpunkter p\u00e5 verksamheten - Snitz Grundskola","isPartOf":{"@id":"https:\/\/snitz.se\/grundskola\/#website"},"datePublished":"2024-01-16T08:57:43+00:00","dateModified":"2024-02-06T13:44:12+00:00","breadcrumb":{"@id":"https:\/\/snitz.se\/grundskola\/vart-kvalitetsarbete\/synpunkter-pa-verksamheten\/#breadcrumb"},"inLanguage":"sv-SE","potentialAction":[{"@type":"ReadAction","target":["https:\/\/snitz.se\/grundskola\/vart-kvalitetsarbete\/synpunkter-pa-verksamheten\/"]}]},{"@type":"BreadcrumbList","@id":"https:\/\/snitz.se\/grundskola\/vart-kvalitetsarbete\/synpunkter-pa-verksamheten\/#breadcrumb","itemListElement":[{"@type":"ListItem","position":1,"name":"Hem","item":"https:\/\/snitz.se\/grundskola\/"},{"@type":"ListItem","position":2,"name":"V\u00e5rt kvalitetsarbete","item":"https:\/\/snitz.se\/grundskola\/vart-kvalitetsarbete\/"},{"@type":"ListItem","position":3,"name":"Synpunkter p\u00e5 verksamheten"}]},{"@type":"WebSite","@id":"https:\/\/snitz.se\/grundskola\/#website","url":"https:\/\/snitz.se\/grundskola\/","name":"Snitz Grundskola","description":"Just another WordPress site","potentialAction":[{"@type":"SearchAction","target":{"@type":"EntryPoint","urlTemplate":"https:\/\/snitz.se\/grundskola\/?s={search_term_string}"},"query-input":"required name=search_term_string"}],"inLanguage":"sv-SE"}]}},"_links":{"self":[{"href":"https:\/\/snitz.se\/grundskola\/wp-json\/wp\/v2\/pages\/106"}],"collection":[{"href":"https:\/\/snitz.se\/grundskola\/wp-json\/wp\/v2\/pages"}],"about":[{"href":"https:\/\/snitz.se\/grundskola\/wp-json\/wp\/v2\/types\/page"}],"author":[{"embeddable":true,"href":"https:\/\/snitz.se\/grundskola\/wp-json\/wp\/v2\/users\/1"}],"replies":[{"embeddable":true,"href":"https:\/\/snitz.se\/grundskola\/wp-json\/wp\/v2\/comments?post=106"}],"version-history":[{"count":10,"href":"https:\/\/snitz.se\/grundskola\/wp-json\/wp\/v2\/pages\/106\/revisions"}],"predecessor-version":[{"id":407,"href":"https:\/\/snitz.se\/grundskola\/wp-json\/wp\/v2\/pages\/106\/revisions\/407"}],"up":[{"embeddable":true,"href":"https:\/\/snitz.se\/grundskola\/wp-json\/wp\/v2\/pages\/104"}],"wp:attachment":[{"href":"https:\/\/snitz.se\/grundskola\/wp-json\/wp\/v2\/media?parent=106"}],"curies":[{"name":"wp","href":"https:\/\/api.w.org\/{rel}","templated":true}]}}