{"id":52,"date":"2024-01-15T12:01:55","date_gmt":"2024-01-15T12:01:55","guid":{"rendered":"https:\/\/snitz.se\/grundskola\/?page_id=52"},"modified":"2024-02-20T13:01:41","modified_gmt":"2024-02-20T13:01:41","slug":"elevhalsa","status":"publish","type":"page","link":"https:\/\/snitz.se\/grundskola\/om-skolan\/elevhalsa\/","title":{"rendered":"Elevh\u00e4lsa"},"content":{"rendered":"\n<section \n\t\t class=\"\n\t\t ams-contact\n\t\t \n\t\t c-block l-stacked\n\t\t \n\t\t \n\t\t js-load-more\n\t\t \"\n\t\t data-color-scheme=\"white\"\n\t\t\t\t\tdata-count=\"3\"\n\t\t\t\t\t\t\tdata-count-mobile=\"2\"\n\t\t\t\t>\n\t<div\n\t\t class=\"\n\t\t l-container\n\t\t l-stack l-stack-fluid-2xl\n\t\t u-pt-fluid-3xl-6xl\n\t\t u-pb-fluid-3xl-6xl\n\t\t is-center\n\t\t is-center@md\n\t\t \">\n\t\t\t\t\t<div class=\"ams-contact__intro l-stack l-stack-lg\">\n\t\t\t\t\t\n\t<h1\n\tclass=\"c-heading u-font-title-1 \"\n\tstyle=\"\">\n\t\t\n\t\t\t\t\tElevh\u00e4lsan p\u00e5 Snitz Grundskola\n\t\t\t\t\n\t<\/h1>\n\n\t\t\t\t\t\t\t\t\t<div class=\"c-text l-stack u-cs-xl u-font-body\">\n\t\t\t\t\t\t<p><span data-sheets-root=\"1\" data-sheets-value=\"{&quot;1&quot;:2,&quot;2&quot;:&quot;Snitz Grundskola har ett f\u00f6rst\u00e4rkt elevh\u00e4lsoteam i syfte att handleda och st\u00f6tta v\u00e5ra elever i deras l\u00e4rmilj\u00f6 b\u00e5de p\u00e5 individ- och gruppniv\u00e5. Elevh\u00e4lsan arbetar b\u00e5de med olika elev\u00e4renden men \u00e4ven fr\u00e4mjande och f\u00f6rebyggande.&quot;}\" data-sheets-userformat=\"{&quot;2&quot;:5025,&quot;3&quot;:{&quot;1&quot;:0},&quot;8&quot;:{&quot;1&quot;:[{&quot;1&quot;:2,&quot;2&quot;:0,&quot;5&quot;:{&quot;1&quot;:2,&quot;2&quot;:0}},{&quot;1&quot;:0,&quot;2&quot;:0,&quot;3&quot;:3},{&quot;1&quot;:1,&quot;2&quot;:0,&quot;4&quot;:1}]},&quot;10&quot;:0,&quot;11&quot;:4,&quot;12&quot;:0,&quot;15&quot;:&quot;Helvetica Neue&quot;}\">Snitz Grundskola har ett f\u00f6rst\u00e4rkt elevh\u00e4lsoteam i syfte att handleda och st\u00f6tta v\u00e5ra elever i deras l\u00e4rmilj\u00f6 b\u00e5de p\u00e5 individ- och gruppniv\u00e5. Elevh\u00e4lsan arbetar b\u00e5de med olika elev\u00e4renden men \u00e4ven fr\u00e4mjande och f\u00f6rebyggande.<\/span><\/p>\n\n\t\t\t\t\t<\/div>\n\t\t\t\t\t\t\t<\/div>\n\t\t\n\t\t\n\t\t    \t\n\t\t\n\t\t<ul\n\t\t\tid=\"contact-grid-6a987e1a283b6\"\n\t\t\tclass=\"ams-contact__list l-grid u-gap-fluid-2xl-4xl u-justify-center js-results \"\n\t\t\taria-label=\"Kontakter\"\n\t\t\tdata-filter-animation=\"off\"\n\t\t\t>\n\t\t\t\t\t\t\t\t\t\t\t\n\t\t\t\t\n\t\t\t\t<li class=\"l-col-6@md l-col-4@lg \" data-filter=\"elevhalsa skolledning\">\n\t\t\t\t\t<article class=\"c-card \" data-variant=\"neutral\">\n\t\t\t\t\t\t<div class=\"c-card__content u-text-center\">\n\t\t\t\t\t\t\t\t\t\t\t\t\t\t\t<h2 class=\"c-card__title u-font-title-3\">\n\t\t\t\t\t\t\t\t\tAnnSofi Rydholm\n\t\t\t\t\t\t\t\t<\/h2>\n\t\t\t\t\t\t\t\n\t\t\t\t\t\t\t\t\t\t\t\t\t\t\t<p class=\"position u-font-body\">Rektor<\/p>\n\t\t\t\t\t\t\t\n\t\t\t\t\t\t\t\t\t\t\t\t\t\t\t<div class=\"contact-info u-font-body\">\n\t\t\t\t\t\t\t\t\t\t\t\t\t\t\t\t\t\t\t\t\t\t\t\t\t\t\t\t\t\t<p class=\"phone\"><a\n\t\t\t\t\t\t\t\t\t\t\t\t\thref=\"tel:0705562624\"\n\t\t\t\t\t\t\t\t\t\t\t\t\tclass=\"u-text-link\">070-556 26 24<\/a>\n\t\t\t\t\t\t\t\t\t\t\t<\/p>\n\t\t\t\t\t\t\t\t\t\t\t\t\t\t\t\t\t\t\t\n\t\t\t\t\t\t\t\t\t\t\t\t\t\t\t\t\t\t\t\t\t\t\t\t\t\t\t\t\t\t<p class=\"email\"><a\n\t\t\t\t\t\t\t\t\t\t\t\t\thref=\"mailt&#111;&#058;a&#110;ns&#111;fi&#046;rydholm&#064;&#118;it&#116;ra&#046;se\"\n\t\t\t\t\t\t\t\t\t\t\t\t\tclass=\"u-text-link\">&#097;n&#110;sofi.ry&#100;&#104;o&#108;&#109;&#064;v&#105;&#116;t&#114;a.se<\/a>\n\t\t\t\t\t\t\t\t\t\t\t<\/p>\n\t\t\t\t\t\t\t\t\t\t\t\t\t\t\t\t\t\t\t\t\t\t\t\t\t\t\t<\/div>\n\t\t\t\t\t\t\t\n\t\t\t\t\t\t\t\t\t\t\t\t\t<\/div>\n\t\t\t\t\t\t<div class=\"c-card__media\">\n\t\t\t\t\t\t\t<img loading=\"lazy\" decoding=\"async\" width=\"177\" height=\"203\" src=\"https:\/\/snitz.se\/wp-content\/uploads\/sites\/4\/2024\/01\/snitz-grundskola-rektor.png\" class=\"u-radius-round u-ratio-landscape\" alt=\"Personportr\u00e4tt.\" sizes=\"(max-width: 300px) 100vw, 300px\" \/>\n\t\t\t\t\t\t<\/div>\n\t\t\t\t\t<\/article>\n\t\t\t\t<\/li>\n\t\t\t\t\t\t\t\t\t\t\t\n\t\t\t\t\n\t\t\t\t<li class=\"l-col-6@md l-col-4@lg \" data-filter=\"elevhalsa skolledning\">\n\t\t\t\t\t<article class=\"c-card \" data-variant=\"neutral\">\n\t\t\t\t\t\t<div class=\"c-card__content u-text-center\">\n\t\t\t\t\t\t\t\t\t\t\t\t\t\t\t<h2 class=\"c-card__title u-font-title-3\">\n\t\t\t\t\t\t\t\t\t Cecilia Massi\n\t\t\t\t\t\t\t\t<\/h2>\n\t\t\t\t\t\t\t\n\t\t\t\t\t\t\t\t\t\t\t\t\t\t\t<p class=\"position u-font-body\">Bitr\u00e4dande rektor och specialpedagog<\/p>\n\t\t\t\t\t\t\t\n\t\t\t\t\t\t\t\t\t\t\t\t\t\t\t<div class=\"contact-info u-font-body\">\n\t\t\t\t\t\t\t\t\t\t\t\t\t\t\t\t\t\t\t\t\t\t\t\t\t\t\t\t\t\t<p class=\"phone\"><a\n\t\t\t\t\t\t\t\t\t\t\t\t\thref=\"tel:0768852142\"\n\t\t\t\t\t\t\t\t\t\t\t\t\tclass=\"u-text-link\">076-885 21 42<\/a>\n\t\t\t\t\t\t\t\t\t\t\t<\/p>\n\t\t\t\t\t\t\t\t\t\t\t\t\t\t\t\t\t\t\t\n\t\t\t\t\t\t\t\t\t\t\t\t\t\t\t\t\t\t\t\t\t\t\t\t\t\t\t\t\t\t<p class=\"email\"><a\n\t\t\t\t\t\t\t\t\t\t\t\t\thref=\"&#109;a&#105;l&#116;&#111;:&#099;&#101;ci&#108;i&#097;.ma&#115;s&#105;&#064;&#115;&#110;&#105;&#116;&#122;.&#115;e\"\n\t\t\t\t\t\t\t\t\t\t\t\t\tclass=\"u-text-link\">&#099;&#101;&#099;i&#108;&#105;&#097;&#046;ma&#115;s&#105;&#064;snitz.&#115;&#101;<\/a>\n\t\t\t\t\t\t\t\t\t\t\t<\/p>\n\t\t\t\t\t\t\t\t\t\t\t\t\t\t\t\t\t\t\t\t\t\t\t\t\t\t\t<\/div>\n\t\t\t\t\t\t\t\n\t\t\t\t\t\t\t\t\t\t\t\t\t<\/div>\n\t\t\t\t\t\t<div class=\"c-card__media\">\n\t\t\t\t\t\t\t<img loading=\"lazy\" decoding=\"async\" width=\"299\" height=\"362\" src=\"https:\/\/snitz.se\/wp-content\/uploads\/sites\/4\/2024\/01\/snitz-grundskola-specialpedagog-e1705505032592.jpeg\" class=\"u-radius-round u-ratio-landscape\" alt=\"Personportr\u00e4tt.\" sizes=\"(max-width: 300px) 100vw, 300px\" \/>\n\t\t\t\t\t\t<\/div>\n\t\t\t\t\t<\/article>\n\t\t\t\t<\/li>\n\t\t\t\t\t\t\t\t\t\t\t\n\t\t\t\t\n\t\t\t\t<li class=\"l-col-6@md l-col-4@lg \" data-filter=\"administration elevhalsa\">\n\t\t\t\t\t<article class=\"c-card \" data-variant=\"neutral\">\n\t\t\t\t\t\t<div class=\"c-card__content u-text-center\">\n\t\t\t\t\t\t\t\t\t\t\t\t\t\t\t<h2 class=\"c-card__title u-font-title-3\">\n\t\t\t\t\t\t\t\t\tSusanne Moe\n\t\t\t\t\t\t\t\t<\/h2>\n\t\t\t\t\t\t\t\n\t\t\t\t\t\t\t\t\t\t\t\t\t\t\t<p class=\"position u-font-body\">Speciall\u00e4rare och antagningsansvarig<\/p>\n\t\t\t\t\t\t\t\n\t\t\t\t\t\t\t\t\t\t\t\t\t\t\t<div class=\"contact-info u-font-body\">\n\t\t\t\t\t\t\t\t\t\t\t\t\t\t\t\t\t\t\t\t\t\t\t\t\t\t\t\t\t\t<p class=\"phone\"><a\n\t\t\t\t\t\t\t\t\t\t\t\t\thref=\"tel:0768852182\"\n\t\t\t\t\t\t\t\t\t\t\t\t\tclass=\"u-text-link\">076-885 21 82<\/a>\n\t\t\t\t\t\t\t\t\t\t\t<\/p>\n\t\t\t\t\t\t\t\t\t\t\t\t\t\t\t\t\t\t\t\n\t\t\t\t\t\t\t\t\t\t\t\t\t\t\t\t\t\t\t\t\t\t\t\t\t\t\t\t\t\t<p class=\"email\"><a\n\t\t\t\t\t\t\t\t\t\t\t\t\thref=\"&#109;ai&#108;to&#058;&#097;n&#115;&#111;k&#097;n.sgr&#064;&#115;nit&#122;&#046;s&#101;\"\n\t\t\t\t\t\t\t\t\t\t\t\t\tclass=\"u-text-link\">a&#110;sok&#097;&#110;&#046;sgr&#064;sni&#116;&#122;.se<\/a>\n\t\t\t\t\t\t\t\t\t\t\t<\/p>\n\t\t\t\t\t\t\t\t\t\t\t\t\t\t\t\t\t\t\t\t\t<p class=\"email\"><a\n\t\t\t\t\t\t\t\t\t\t\t\t\thref=\"mai&#108;to&#058;s&#117;san&#110;&#101;&#046;mo&#101;&#064;&#115;nit&#122;.&#115;e\"\n\t\t\t\t\t\t\t\t\t\t\t\t\tclass=\"u-text-link\">&#115;&#117;&#115;a&#110;n&#101;&#046;&#109;&#111;&#101;&#064;s&#110;&#105;&#116;&#122;.&#115;&#101;<\/a>\n\t\t\t\t\t\t\t\t\t\t\t<\/p>\n\t\t\t\t\t\t\t\t\t\t\t\t\t\t\t\t\t\t\t\t\t\t\t\t\t\t\t<\/div>\n\t\t\t\t\t\t\t\n\t\t\t\t\t\t\t\t\t\t\t\t\t<\/div>\n\t\t\t\t\t\t<div class=\"c-card__media\">\n\t\t\t\t\t\t\t<img loading=\"lazy\" decoding=\"async\" width=\"400\" height=\"599\" src=\"https:\/\/snitz.se\/wp-content\/uploads\/sites\/4\/2025\/04\/susanne-2024-2025-400x599.jpg\" class=\"u-radius-round u-ratio-landscape\" alt=\"\" sizes=\"(max-width: 300px) 100vw, 300px\" srcset=\"https:\/\/snitz.se\/wp-content\/uploads\/sites\/4\/2025\/04\/susanne-2024-2025-400x599.jpg 400w, https:\/\/snitz.se\/wp-content\/uploads\/sites\/4\/2025\/04\/susanne-2024-2025-300x450.jpg 300w, https:\/\/snitz.se\/wp-content\/uploads\/sites\/4\/2025\/04\/susanne-2024-2025-600x899.jpg 600w, https:\/\/snitz.se\/wp-content\/uploads\/sites\/4\/2025\/04\/susanne-2024-2025-800x1199.jpg 800w, https:\/\/snitz.se\/wp-content\/uploads\/sites\/4\/2025\/04\/susanne-2024-2025-1024x1534.jpg 1024w, https:\/\/snitz.se\/wp-content\/uploads\/sites\/4\/2025\/04\/susanne-2024-2025-1200x1798.jpg 1200w, https:\/\/snitz.se\/wp-content\/uploads\/sites\/4\/2025\/04\/susanne-2024-2025.jpg 1302w\" \/>\n\t\t\t\t\t\t<\/div>\n\t\t\t\t\t<\/article>\n\t\t\t\t<\/li>\n\t\t\t\t\t\t\t\t\t\t\t\n\t\t\t\t\n\t\t\t\t<li class=\"l-col-6@md l-col-4@lg \" data-filter=\"elevhalsa\">\n\t\t\t\t\t<article class=\"c-card \" data-variant=\"neutral\">\n\t\t\t\t\t\t<div class=\"c-card__content u-text-center\">\n\t\t\t\t\t\t\t\t\t\t\t\t\t\t\t<h2 class=\"c-card__title u-font-title-3\">\n\t\t\t\t\t\t\t\t\tJenny Holmgren \n\t\t\t\t\t\t\t\t<\/h2>\n\t\t\t\t\t\t\t\n\t\t\t\t\t\t\t\t\t\t\t\t\t\t\t<p class=\"position u-font-body\">Skolsk\u00f6terska (Tisdagar 8:30-16:30)<\/p>\n\t\t\t\t\t\t\t\n\t\t\t\t\t\t\t\t\t\t\t\t\t\t\t<div class=\"contact-info u-font-body\">\n\t\t\t\t\t\t\t\t\t\t\t\t\t\t\t\t\t\t\t\t\t\t\t\t\t\t\t\t\t\t<p class=\"phone\"><a\n\t\t\t\t\t\t\t\t\t\t\t\t\thref=\"tel:0707127817\"\n\t\t\t\t\t\t\t\t\t\t\t\t\tclass=\"u-text-link\">070-712 78 17<\/a>\n\t\t\t\t\t\t\t\t\t\t\t<\/p>\n\t\t\t\t\t\t\t\t\t\t\t\t\t\t\t\t\t\t\t\n\t\t\t\t\t\t\t\t\t\t\t\t\t\t\t\t\t\t\t\t\t\t\t\t\t\t\t\t\t\t<p class=\"email\"><a\n\t\t\t\t\t\t\t\t\t\t\t\t\thref=\"&#109;&#097;&#105;&#108;t&#111;&#058;j&#101;&#110;n&#121;&#046;h&#111;lmg&#114;&#101;&#110;&#064;s&#110;&#105;&#116;z&#046;&#115;e\"\n\t\t\t\t\t\t\t\t\t\t\t\t\tclass=\"u-text-link\">&#106;enn&#121;&#046;h&#111;&#108;&#109;gr&#101;n&#064;s&#110;i&#116;&#122;.se<\/a>\n\t\t\t\t\t\t\t\t\t\t\t<\/p>\n\t\t\t\t\t\t\t\t\t\t\t\t\t\t\t\t\t\t\t\t\t\t\t\t\t\t\t<\/div>\n\t\t\t\t\t\t\t\n\t\t\t\t\t\t\t\t\t\t\t\t\t<\/div>\n\t\t\t\t\t\t<div class=\"c-card__media\">\n\t\t\t\t\t\t\t<img loading=\"lazy\" decoding=\"async\" width=\"400\" height=\"454\" src=\"https:\/\/snitz.se\/wp-content\/uploads\/sites\/4\/2024\/01\/jenny88-e1726815175309-400x454.jpg\" class=\"u-radius-round u-ratio-landscape\" alt=\"\" sizes=\"(max-width: 300px) 100vw, 300px\" srcset=\"https:\/\/snitz.se\/wp-content\/uploads\/sites\/4\/2024\/01\/jenny88-e1726815175309-400x454.jpg 400w, https:\/\/snitz.se\/wp-content\/uploads\/sites\/4\/2024\/01\/jenny88-e1726815175309-300x341.jpg 300w, https:\/\/snitz.se\/wp-content\/uploads\/sites\/4\/2024\/01\/jenny88-e1726815175309-600x681.jpg 600w, https:\/\/snitz.se\/wp-content\/uploads\/sites\/4\/2024\/01\/jenny88-e1726815175309-800x908.jpg 800w, https:\/\/snitz.se\/wp-content\/uploads\/sites\/4\/2024\/01\/jenny88-e1726815175309.jpg 900w\" \/>\n\t\t\t\t\t\t<\/div>\n\t\t\t\t\t<\/article>\n\t\t\t\t<\/li>\n\t\t\t\t\t\t\t\t\t\t\t\n\t\t\t\t\n\t\t\t\t<li class=\"l-col-6@md l-col-4@lg \" data-filter=\"elevhalsa\">\n\t\t\t\t\t<article class=\"c-card \" data-variant=\"neutral\">\n\t\t\t\t\t\t<div class=\"c-card__content u-text-center\">\n\t\t\t\t\t\t\t\t\t\t\t\t\t\t\t<h2 class=\"c-card__title u-font-title-3\">\n\t\t\t\t\t\t\t\t\t Catarina Backlund\n\t\t\t\t\t\t\t\t<\/h2>\n\t\t\t\t\t\t\t\n\t\t\t\t\t\t\t\t\t\t\t\t\t\t\t<p class=\"position u-font-body\">Socialpedagog<\/p>\n\t\t\t\t\t\t\t\n\t\t\t\t\t\t\t\t\t\t\t\t\t\t\t<div class=\"contact-info u-font-body\">\n\t\t\t\t\t\t\t\t\t\t\t\t\t\t\t\t\t\t\t\t\t\t\t\t\t\t\t\t\t\t<p class=\"phone\"><a\n\t\t\t\t\t\t\t\t\t\t\t\t\thref=\"tel:0768852170\"\n\t\t\t\t\t\t\t\t\t\t\t\t\tclass=\"u-text-link\">076-885 21 70<\/a>\n\t\t\t\t\t\t\t\t\t\t\t<\/p>\n\t\t\t\t\t\t\t\t\t\t\t\t\t\t\t\t\t\t\t\n\t\t\t\t\t\t\t\t\t\t\t\t\t\t\t\t\t\t\t\t\t\t\t\t\t\t\t\t\t\t<p class=\"email\"><a\n\t\t\t\t\t\t\t\t\t\t\t\t\thref=\"ma&#105;l&#116;o&#058;c&#097;&#116;&#097;&#114;&#105;&#110;a.&#098;a&#099;kl&#117;&#110;d&#064;&#115;&#110;&#105;t&#122;.se\"\n\t\t\t\t\t\t\t\t\t\t\t\t\tclass=\"u-text-link\">&#099;atari&#110;&#097;&#046;b&#097;&#099;&#107;lu&#110;d&#064;&#115;&#110;&#105;&#116;z&#046;&#115;e<\/a>\n\t\t\t\t\t\t\t\t\t\t\t<\/p>\n\t\t\t\t\t\t\t\t\t\t\t\t\t\t\t\t\t\t\t\t\t\t\t\t\t\t\t<\/div>\n\t\t\t\t\t\t\t\n\t\t\t\t\t\t\t\t\t\t\t\t\t<\/div>\n\t\t\t\t\t\t<div class=\"c-card__media\">\n\t\t\t\t\t\t\t<img loading=\"lazy\" decoding=\"async\" width=\"400\" height=\"487\" src=\"https:\/\/snitz.se\/wp-content\/uploads\/sites\/4\/2024\/01\/snitz-grundskola-tf-kurator-e1705505008606-400x487.jpeg\" class=\"u-radius-round u-ratio-landscape\" alt=\"Personportr\u00e4tt.\" sizes=\"(max-width: 300px) 100vw, 300px\" srcset=\"https:\/\/snitz.se\/wp-content\/uploads\/sites\/4\/2024\/01\/snitz-grundskola-tf-kurator-e1705505008606-400x487.jpeg 400w, https:\/\/snitz.se\/wp-content\/uploads\/sites\/4\/2024\/01\/snitz-grundskola-tf-kurator-e1705505008606-300x366.jpeg 300w, https:\/\/snitz.se\/wp-content\/uploads\/sites\/4\/2024\/01\/snitz-grundskola-tf-kurator-e1705505008606-600x731.jpeg 600w, https:\/\/snitz.se\/wp-content\/uploads\/sites\/4\/2024\/01\/snitz-grundskola-tf-kurator-e1705505008606-800x975.jpeg 800w, https:\/\/snitz.se\/wp-content\/uploads\/sites\/4\/2024\/01\/snitz-grundskola-tf-kurator-e1705505008606-1024x1248.jpeg 1024w, https:\/\/snitz.se\/wp-content\/uploads\/sites\/4\/2024\/01\/snitz-grundskola-tf-kurator-e1705505008606-1200x1462.jpeg 1200w, https:\/\/snitz.se\/wp-content\/uploads\/sites\/4\/2024\/01\/snitz-grundskola-tf-kurator-e1705505008606.jpeg 1707w\" \/>\n\t\t\t\t\t\t<\/div>\n\t\t\t\t\t<\/article>\n\t\t\t\t<\/li>\n\t\t\t\t\t\t\t\t\t\t\t\n\t\t\t\t\n\t\t\t\t<li class=\"l-col-6@md l-col-4@lg \" data-filter=\"elevhalsa\">\n\t\t\t\t\t<article class=\"c-card \" data-variant=\"neutral\">\n\t\t\t\t\t\t<div class=\"c-card__content u-text-center\">\n\t\t\t\t\t\t\t\t\t\t\t\t\t\t\t<h2 class=\"c-card__title u-font-title-3\">\n\t\t\t\t\t\t\t\t\t Louise Lundqvist\n\t\t\t\t\t\t\t\t<\/h2>\n\t\t\t\t\t\t\t\n\t\t\t\t\t\t\t\t\t\t\t\t\t\t\t<p class=\"position u-font-body\">Kurator<\/p>\n\t\t\t\t\t\t\t\n\t\t\t\t\t\t\t\t\t\t\t\t\t\t\t<div class=\"contact-info u-font-body\">\n\t\t\t\t\t\t\t\t\t\n\t\t\t\t\t\t\t\t\t\t\t\t\t\t\t\t\t\t\t\t\t\t\t\t\t\t\t\t\t\t<p class=\"email\"><a\n\t\t\t\t\t\t\t\t\t\t\t\t\thref=\"&#109;&#097;ilt&#111;:&#108;&#111;u&#105;se&#046;lund&#113;&#118;&#105;s&#116;&#064;&#115;&#110;itz&#046;&#115;&#101;\"\n\t\t\t\t\t\t\t\t\t\t\t\t\tclass=\"u-text-link\">&#108;ou&#105;&#115;&#101;.&#108;undq&#118;is&#116;&#064;&#115;&#110;&#105;&#116;z.s&#101;<\/a>\n\t\t\t\t\t\t\t\t\t\t\t<\/p>\n\t\t\t\t\t\t\t\t\t\t\t\t\t\t\t\t\t\t\t\t\t\t\t\t\t\t\t<\/div>\n\t\t\t\t\t\t\t\n\t\t\t\t\t\t\t\t\t\t\t\t\t<\/div>\n\t\t\t\t\t\t<div class=\"c-card__media\">\n\t\t\t\t\t\t\t<img loading=\"lazy\" decoding=\"async\" width=\"400\" height=\"400\" src=\"https:\/\/snitz.se\/wp-content\/uploads\/sites\/4\/2024\/01\/snitz-grundskola-kurator-400x400.png\" class=\"u-radius-round u-ratio-landscape\" alt=\"Personportr\u00e4tt.\" sizes=\"(max-width: 300px) 100vw, 300px\" srcset=\"https:\/\/snitz.se\/wp-content\/uploads\/sites\/4\/2024\/01\/snitz-grundskola-kurator-400x400.png 400w, https:\/\/snitz.se\/wp-content\/uploads\/sites\/4\/2024\/01\/snitz-grundskola-kurator-150x150.png 150w, https:\/\/snitz.se\/wp-content\/uploads\/sites\/4\/2024\/01\/snitz-grundskola-kurator-300x300.png 300w, https:\/\/snitz.se\/wp-content\/uploads\/sites\/4\/2024\/01\/snitz-grundskola-kurator-600x600.png 600w, https:\/\/snitz.se\/wp-content\/uploads\/sites\/4\/2024\/01\/snitz-grundskola-kurator-800x800.png 800w, https:\/\/snitz.se\/wp-content\/uploads\/sites\/4\/2024\/01\/snitz-grundskola-kurator-1024x1024.png 1024w, https:\/\/snitz.se\/wp-content\/uploads\/sites\/4\/2024\/01\/snitz-grundskola-kurator.png 1200w\" \/>\n\t\t\t\t\t\t<\/div>\n\t\t\t\t\t<\/article>\n\t\t\t\t<\/li>\n\t\t\t\t\t<\/ul>\n\n\t\t\n\t\t    <div class=\"ams-contact__more u-inline-items js-load-more-btn\">\n        <button href=\"#\"\n                class=\"c-btn\"\n                data-style=\"rounded\"\n                data-size=\"md\"\n                data-width=\"full-mobile\"\n                data-variant=\"outline\">\n        \tVisa mer\n        <\/button>\n    <\/div>\n\n\t\t\t<\/div>\n\n\t\t\n\n<\/section>\n\n\n\n\t<div class=\"module_wrapper ams_remote_pages_module \">\n\t\t\n<section  class=\"ams-cta ams-cta--stacked c-block l-stacked\" data-color-scheme=\"gray\">\n\t<div class=\"l-container-narrow l-stack l-stack-fluid-2xl u-pt-fluid-3xl-6xl u-pb-fluid-3xl-6xl is-center is-center@md\">\n\t\t\t\t\t<div class=\"ams-cta__intro l-stack l-stack-lg\">\n\t\t\t\t\t\n\t<h2\n\tclass=\"c-heading u-font-title-1 \"\n\tstyle=\"\">\n\t\t\n\t\t\t\t\tBes\u00f6k oss\n\t\t\t\t\n\t<\/h2>\n\n\t\t\t\t\t\t\t\t\t<div class=\"c-text l-stack u-cs-xl u-font-body\">\n\t\t\t\t\t\t<p><span data-sheets-root=\"1\" data-sheets-value=\"{&quot;1&quot;:2,&quot;2&quot;:&quot;Vill du se hur det \u00e4r att g\u00e5 p\u00e5 Snitz eller st\u00e4lla fr\u00e5gor direkt till personalen g\u00f6r du det b\u00e4st genom att tr\u00e4ffa oss p\u00e5 plats under ett \u00f6ppet hus.&quot;}\" data-sheets-userformat=\"{&quot;2&quot;:769,&quot;3&quot;:{&quot;1&quot;:0},&quot;11&quot;:4,&quot;12&quot;:0}\">Vill du se hur det \u00e4r att g\u00e5 p\u00e5 Snitz eller st\u00e4lla fr\u00e5gor direkt till personalen g\u00f6r du det b\u00e4st genom att tr\u00e4ffa oss p\u00e5 plats under ett \u00f6ppet hus.<\/span><\/p>\n\n\t\t\t\t\t<\/div>\n\t\t\t\t\t\t\t<\/div>\n\t\t\n\t\t\n\t\t\t<div class=\"ams-cta__action u-inline-items\">\n\t\t\t\t\t\t\t\n\n\n\n<a href=\"https:\/\/snitz.se\/grundskola\/besok-oss\/\"\n\t\n\tclass=\"c-btn \"\n\tdata-style=\"rounded\"\n\tdata-size=\"md\"\n\tdata-width=\"full-mobile\"\n\tdata-variant=\"default\"\n\ttarget=\"_self\">\n\t\t\t<span class=\"label\"> Se tider f\u00f6r \u00f6ppet hus<\/span>\n\t\t\t\t\t\t\n\t<\/a>\n\t\t\t<\/div>\n\t<\/div>\n\n\t\t\n\n<\/section>\n\t<\/div>\n\n\t","protected":false},"excerpt":{"rendered":"","protected":false},"author":1,"featured_media":0,"parent":47,"menu_order":0,"comment_status":"closed","ping_status":"closed","template":"","meta":{"footnotes":""},"yoast_head":"<!-- This site is optimized with the Yoast SEO plugin v22.0 - https:\/\/yoast.com\/wordpress\/plugins\/seo\/ -->\n<title>Snitz Grundskola<\/title>\n<meta name=\"description\" content=\"Snitz Grundskola har ett f\u00f6rst\u00e4rkt elevh\u00e4lsoteam i syfte att handleda och st\u00f6tta v\u00e5ra elever i deras l\u00e4rmilj\u00f6 b\u00e5de p\u00e5 individ- och gruppniv\u00e5.\" \/>\n<meta name=\"robots\" content=\"index, follow, max-snippet:-1, max-image-preview:large, max-video-preview:-1\" \/>\n<link rel=\"canonical\" href=\"https:\/\/snitz.se\/grundskola\/om-skolan\/elevhalsa\/\" \/>\n<meta property=\"og:locale\" content=\"sv_SE\" \/>\n<meta property=\"og:type\" content=\"article\" \/>\n<meta property=\"og:description\" content=\"Snitz Grundskola har ett f\u00f6rst\u00e4rkt elevh\u00e4lsoteam i syfte att handleda och st\u00f6tta v\u00e5ra elever i deras l\u00e4rmilj\u00f6 b\u00e5de p\u00e5 individ- och gruppniv\u00e5.\" \/>\n<meta property=\"og:url\" content=\"https:\/\/snitz.se\/grundskola\/om-skolan\/elevhalsa\/\" \/>\n<meta property=\"og:site_name\" content=\"Snitz Grundskola\" \/>\n<meta property=\"article:modified_time\" content=\"2024-02-20T13:01:41+00:00\" \/>\n<meta name=\"twitter:card\" content=\"summary_large_image\" \/>\n<meta name=\"twitter:description\" content=\"Snitz Grundskola har ett f\u00f6rst\u00e4rkt elevh\u00e4lsoteam i syfte att handleda och st\u00f6tta v\u00e5ra elever i deras l\u00e4rmilj\u00f6 b\u00e5de p\u00e5 individ- och gruppniv\u00e5.\" \/>\n<script type=\"application\/ld+json\" class=\"yoast-schema-graph\">{\"@context\":\"https:\/\/schema.org\",\"@graph\":[{\"@type\":\"WebPage\",\"@id\":\"https:\/\/snitz.se\/grundskola\/om-skolan\/elevhalsa\/\",\"url\":\"https:\/\/snitz.se\/grundskola\/om-skolan\/elevhalsa\/\",\"name\":\"Elevh\u00e4lsa - Snitz Grundskola\",\"isPartOf\":{\"@id\":\"https:\/\/snitz.se\/grundskola\/#website\"},\"datePublished\":\"2024-01-15T12:01:55+00:00\",\"dateModified\":\"2024-02-20T13:01:41+00:00\",\"description\":\"Snitz Grundskola har ett f\u00f6rst\u00e4rkt elevh\u00e4lsoteam i syfte att handleda och st\u00f6tta v\u00e5ra elever i deras l\u00e4rmilj\u00f6 b\u00e5de p\u00e5 individ- och gruppniv\u00e5.\",\"breadcrumb\":{\"@id\":\"https:\/\/snitz.se\/grundskola\/om-skolan\/elevhalsa\/#breadcrumb\"},\"inLanguage\":\"sv-SE\",\"potentialAction\":[{\"@type\":\"ReadAction\",\"target\":[\"https:\/\/snitz.se\/grundskola\/om-skolan\/elevhalsa\/\"]}]},{\"@type\":\"BreadcrumbList\",\"@id\":\"https:\/\/snitz.se\/grundskola\/om-skolan\/elevhalsa\/#breadcrumb\",\"itemListElement\":[{\"@type\":\"ListItem\",\"position\":1,\"name\":\"Hem\",\"item\":\"https:\/\/snitz.se\/grundskola\/\"},{\"@type\":\"ListItem\",\"position\":2,\"name\":\"Om skolan\",\"item\":\"https:\/\/snitz.se\/grundskola\/om-skolan\/\"},{\"@type\":\"ListItem\",\"position\":3,\"name\":\"Elevh\u00e4lsa\"}]},{\"@type\":\"WebSite\",\"@id\":\"https:\/\/snitz.se\/grundskola\/#website\",\"url\":\"https:\/\/snitz.se\/grundskola\/\",\"name\":\"Snitz Grundskola\",\"description\":\"Just another WordPress site\",\"potentialAction\":[{\"@type\":\"SearchAction\",\"target\":{\"@type\":\"EntryPoint\",\"urlTemplate\":\"https:\/\/snitz.se\/grundskola\/?s={search_term_string}\"},\"query-input\":\"required name=search_term_string\"}],\"inLanguage\":\"sv-SE\"}]}<\/script>\n<!-- \/ Yoast SEO plugin. -->","yoast_head_json":{"title":"Snitz Grundskola","description":"Snitz Grundskola har ett f\u00f6rst\u00e4rkt elevh\u00e4lsoteam i syfte att handleda och st\u00f6tta v\u00e5ra elever i deras l\u00e4rmilj\u00f6 b\u00e5de p\u00e5 individ- och gruppniv\u00e5.","robots":{"index":"index","follow":"follow","max-snippet":"max-snippet:-1","max-image-preview":"max-image-preview:large","max-video-preview":"max-video-preview:-1"},"canonical":"https:\/\/snitz.se\/grundskola\/om-skolan\/elevhalsa\/","og_locale":"sv_SE","og_type":"article","og_description":"Snitz Grundskola har ett f\u00f6rst\u00e4rkt elevh\u00e4lsoteam i syfte att handleda och st\u00f6tta v\u00e5ra elever i deras l\u00e4rmilj\u00f6 b\u00e5de p\u00e5 individ- och gruppniv\u00e5.","og_url":"https:\/\/snitz.se\/grundskola\/om-skolan\/elevhalsa\/","og_site_name":"Snitz Grundskola","article_modified_time":"2024-02-20T13:01:41+00:00","twitter_card":"summary_large_image","twitter_description":"Snitz Grundskola har ett f\u00f6rst\u00e4rkt elevh\u00e4lsoteam i syfte att handleda och st\u00f6tta v\u00e5ra elever i deras l\u00e4rmilj\u00f6 b\u00e5de p\u00e5 individ- och gruppniv\u00e5.","schema":{"@context":"https:\/\/schema.org","@graph":[{"@type":"WebPage","@id":"https:\/\/snitz.se\/grundskola\/om-skolan\/elevhalsa\/","url":"https:\/\/snitz.se\/grundskola\/om-skolan\/elevhalsa\/","name":"Elevh\u00e4lsa - Snitz Grundskola","isPartOf":{"@id":"https:\/\/snitz.se\/grundskola\/#website"},"datePublished":"2024-01-15T12:01:55+00:00","dateModified":"2024-02-20T13:01:41+00:00","description":"Snitz Grundskola har ett f\u00f6rst\u00e4rkt elevh\u00e4lsoteam i syfte att handleda och st\u00f6tta v\u00e5ra elever i deras l\u00e4rmilj\u00f6 b\u00e5de p\u00e5 individ- och gruppniv\u00e5.","breadcrumb":{"@id":"https:\/\/snitz.se\/grundskola\/om-skolan\/elevhalsa\/#breadcrumb"},"inLanguage":"sv-SE","potentialAction":[{"@type":"ReadAction","target":["https:\/\/snitz.se\/grundskola\/om-skolan\/elevhalsa\/"]}]},{"@type":"BreadcrumbList","@id":"https:\/\/snitz.se\/grundskola\/om-skolan\/elevhalsa\/#breadcrumb","itemListElement":[{"@type":"ListItem","position":1,"name":"Hem","item":"https:\/\/snitz.se\/grundskola\/"},{"@type":"ListItem","position":2,"name":"Om skolan","item":"https:\/\/snitz.se\/grundskola\/om-skolan\/"},{"@type":"ListItem","position":3,"name":"Elevh\u00e4lsa"}]},{"@type":"WebSite","@id":"https:\/\/snitz.se\/grundskola\/#website","url":"https:\/\/snitz.se\/grundskola\/","name":"Snitz Grundskola","description":"Just another WordPress site","potentialAction":[{"@type":"SearchAction","target":{"@type":"EntryPoint","urlTemplate":"https:\/\/snitz.se\/grundskola\/?s={search_term_string}"},"query-input":"required name=search_term_string"}],"inLanguage":"sv-SE"}]}},"_links":{"self":[{"href":"https:\/\/snitz.se\/grundskola\/wp-json\/wp\/v2\/pages\/52"}],"collection":[{"href":"https:\/\/snitz.se\/grundskola\/wp-json\/wp\/v2\/pages"}],"about":[{"href":"https:\/\/snitz.se\/grundskola\/wp-json\/wp\/v2\/types\/page"}],"author":[{"embeddable":true,"href":"https:\/\/snitz.se\/grundskola\/wp-json\/wp\/v2\/users\/1"}],"replies":[{"embeddable":true,"href":"https:\/\/snitz.se\/grundskola\/wp-json\/wp\/v2\/comments?post=52"}],"version-history":[{"count":10,"href":"https:\/\/snitz.se\/grundskola\/wp-json\/wp\/v2\/pages\/52\/revisions"}],"predecessor-version":[{"id":402,"href":"https:\/\/snitz.se\/grundskola\/wp-json\/wp\/v2\/pages\/52\/revisions\/402"}],"up":[{"embeddable":true,"href":"https:\/\/snitz.se\/grundskola\/wp-json\/wp\/v2\/pages\/47"}],"wp:attachment":[{"href":"https:\/\/snitz.se\/grundskola\/wp-json\/wp\/v2\/media?parent=52"}],"curies":[{"name":"wp","href":"https:\/\/api.w.org\/{rel}","templated":true}]}}