{"id":3,"date":"2024-01-10T15:22:02","date_gmt":"2024-01-10T15:22:02","guid":{"rendered":"https:\/\/snitz.se\/gymnasium\/?page_id=3"},"modified":"2024-12-19T09:53:06","modified_gmt":"2024-12-19T09:53:06","slug":"hantering-av-personuppgifter","status":"publish","type":"page","link":"https:\/\/snitz.se\/gymnasium\/hantering-av-personuppgifter\/","title":{"rendered":"Hantering av personuppgifter"},"content":{"rendered":"\n<div class=\"wp-block-columns is-layout-flex wp-container-core-columns-layout-1 wp-block-columns-is-layout-flex\">\n<div class=\"wp-block-column is-layout-flow wp-block-column-is-layout-flow\" style=\"flex-basis:15%\"><\/div>\n\n\n\n<div class=\"wp-block-column is-layout-flow wp-block-column-is-layout-flow\" style=\"flex-basis:70%\">\n<h1 class=\"wp-block-heading\">Hantering av personuppgifter<\/h1>\n\n\n\n<p>N\u00e4r du \u00e4r elev eller v\u00e5rdnadshavare hos oss s\u00e5 beh\u00f6ver vi genomf\u00f6ra ett antal personuppgiftsbehandlingar f\u00f6r att kunna bedriva v\u00e5r verksamhet som \u00e4r att informera om och erbjuda utbildning. L\u00e4ngre ner p\u00e5 denna sida kan du v\u00e4lja den situation som motsvarar dig b\u00e4st och l\u00e4sa om vad, hur och f\u00f6r vilka \u00e4ndam\u00e5l vi behandlar personuppgifter innan en elev b\u00f6rjar hos oss och f\u00f6r v\u00e5rdnadshavare och befintliga elever i gymnasieskolan samt vilka r\u00e4ttigheter ni har.<\/p>\n\n\n\n<h2 class=\"wp-block-heading\">Personuppgiftsansvarig<\/h2>\n\n\n\n<p>Den personuppgiftsansvarige f\u00f6r behandlingen av dina personuppgifter \u00e4r Swedish Education Group AB, 556504-2255 med adress Box 213, 101 24 Stockholm. Bolaget \u00e4r en del av AcadeMedia. Kontakta din skola om du vill f\u00e5 kontakt med personuppgiftsansvarig. V\u00e5rt dataskyddsombud kontaktas p\u00e5 <a href=\"mailto:dataskydd@academedia.se\" target=\"_blank\" rel=\"noreferrer noopener\">dataskydd@academedia.se<\/a>. Vid klagom\u00e5l p\u00e5 personuppgiftsbehandlingen skickas det till tillsynsmyndigheten i Sverige Integritetsskyddsmyndigheten IMY (<a href=\"https:\/\/www.imy.se\/\" target=\"_blank\" rel=\"noreferrer noopener\">www.imy.se<\/a>).<\/p>\n\n\n\n<h2 class=\"wp-block-heading\">Dina r\u00e4ttigheter<\/h2>\n\n\n\n<p>Enligt dataskyddsf\u00f6rordningen har du som registrerad, till exempel elev eller v\u00e5rdnadshavare, f\u00f6ljande r\u00e4ttigheter g\u00e4llande de behandlingar vi g\u00f6r av dina personuppgifter: <\/p>\n\n\n\n<ul>\n<li>R\u00e4tt till tillg\u00e5ng, du har r\u00e4tt att f\u00e5 veta vilka uppgifter vi behandlar om dig och du kan f\u00e5 ut dessa genom att beg\u00e4ra registerutdrag. <\/li>\n\n\n\n<li>R\u00e4tt till r\u00e4ttelse, det vill s\u00e4ga du kan beg\u00e4ra att vi r\u00e4ttar dina uppgifter om de \u00e4r felaktiga. <\/li>\n\n\n\n<li>R\u00e4tt till radering, du kan beg\u00e4ra att vi raderar dina personuppgifter och d\u00e5 behandlar vi beg\u00e4ran och raderar d\u00e4r det \u00e4r m\u00f6jligt, men det kan vara begr\u00e4nsat exempelvis p\u00e5 grund av krav i lag p\u00e5 bevarande av uppgifter. <\/li>\n\n\n\n<li>R\u00e4tt till begr\u00e4nsning, du kan beg\u00e4ra att vi begr\u00e4nsar v\u00e5r behandling av dina personuppgifter. <\/li>\n\n\n\n<li>R\u00e4tt att inv\u00e4nda, du har r\u00e4tt att inv\u00e4nda mot att vi behandlar dina personuppgifter. <\/li>\n\n\n\n<li>R\u00e4tt till dataportabilitet, du har under vissa f\u00f6ruts\u00e4ttningar r\u00e4tt att flytta dina personuppgifter. <\/li>\n<\/ul>\n\n\n\n<p>F\u00f6r att ut\u00f6va dina r\u00e4ttigheter kontakta din skola eller <a href=\"mailto:dataskydd@academedia.se\" target=\"_blank\" rel=\"noreferrer noopener\">dataskydd@academedia.se<\/a>. <br><br>Du har ocks\u00e5 r\u00e4tt att l\u00e4mna klagom\u00e5l till IMY (<a href=\"https:\/\/www.imy.se\/\" target=\"_blank\" rel=\"noreferrer noopener\">www.imy.se<\/a>) som \u00e4r tillsynsmyndighet om du anser att vi inte f\u00f6ljer dataskyddsf\u00f6rordningen. Vill du l\u00e4sa mer om dina r\u00e4ttigheter finns \u00e4ven information hos IMY: <a href=\"https:\/\/www.imy.se\/verksamhet\/dataskydd\/det-har-galler-enligt-gdpr\/de-registrerades-rattigheter\/\" target=\"_blank\" rel=\"noreferrer noopener\">De registrerades r\u00e4ttigheter | IMY<\/a>.<\/p>\n\n\n\n<h2 class=\"wp-block-heading\">\u00d6verf\u00f6ring av uppgifter till tredjeland<\/h2>\n\n\n\n<p>Vi bedriver v\u00e5r verksamhet och undervisning med hj\u00e4lp av till exempel digitala l\u00e4rplattformar, l\u00e4romedel och administrativa verktyg. Detta inneb\u00e4r att dina personuppgifter behandlas av leverant\u00f6rerna till dessa tj\u00e4nster. Som standard ska dina personuppgifter behandlas inom EU\/EES men exponering mot eller \u00f6verf\u00f6ring kan \u00e4ven ske till ett s\u00e5 kallat tredjeland, ett land utanf\u00f6r EU\/EES. Om det sker ska skydds\u00e5tg\u00e4rder vidtas, till exempel standardavtalsklausuler eller adekvansbeslut, till exempel f\u00f6r tj\u00e4nster som exponerar mot eller \u00f6verf\u00f6r till USA ska det finnas adekvansbeslut genom EU-US Data Privacy Framework i enlighet med art. 45 GDPR. Under respektive behandling nedan kan du l\u00e4sa om \u00f6verf\u00f6ring \u00e4r aktuell och baserat p\u00e5 vilken grund.<br><br>D\u00e5 olika tj\u00e4nster anv\u00e4nds p\u00e5 olika skolor kan du alltid kontakta din skola f\u00f6r att f\u00e5 veta mer specifikt vilka l\u00e4nder de tj\u00e4nster som du m\u00f6ter under tid hos oss som exponerar eller \u00f6verf\u00f6r personuppgifter till. Har du \u00f6vriga fr\u00e5gor om tredjelands\u00f6verf\u00f6ring, kontakta <a href=\"mailto:dataskydd@academedia.se\" target=\"_blank\" rel=\"noreferrer noopener\">dataskydd@academedia.se<\/a>.<\/p>\n\n\n\n<h2 class=\"wp-block-heading\">Automatiserat beslutsfattande och profilering<\/h2>\n\n\n\n<p>Inom v\u00e5r verksamhet att erbjuda utbildning och undervisning f\u00f6rekommer inget automatiserat beslutsfattande eller profilering.<\/p>\n<\/div>\n\n\n\n<div class=\"wp-block-column is-layout-flow wp-block-column-is-layout-flow\" style=\"flex-basis:15%\"><\/div>\n<\/div>\n\n\n\n\n<section  class=\"ams-accordion c-block l-stacked\" data-color-scheme=\"poangplan\">\n\t<div class=\"l-container l-stack l-stack-fluid-2xl u-pt-fluid-3xl-6xl u-pb-fluid-3xl-6xl is-center is-center@md\">\n\t\t\t\t\t<div class=\"ams-accordion__intro l-stack l-stack-lg\">\n\t\t\t\t\t\n\t<h2\n\tclass=\"c-heading u-font-title-1 \"\n\tstyle=\"\">\n\t\t\n\t\t\t\t\tF\u00f6re du blir elev hos oss\n\t\t\t\t\n\t<\/h2>\n\n\t\t\t\t\t\t\t<\/div>\n\t\t\n\t\t\t<div\n\t\tclass=\"module_wrapper ams-accordion_module\"\n\t>\n\t\t\t\t<ul\n\t\t\tclass=\"ams-accordion-list c-accordion\"\n\t\t\taria-label=\"Dragspel\"\n\t\t\tdata-variant=\"border-between\"\n\t\t>\n\n\t\t\t\t\t\t\t<li class=\"c-accordion__item\">\n\t\t\t\t\t<h3 class=\"c-accordion__header u-font-title-4\">\n\t\t\t\t\t\t\t\t\t\t\t\t<button class=\"c-accordion__trigger u-py-sm u-px-fluid-md-xl\">\n\t\t\t\t\t\t\t<span>Hantera intresseanm\u00e4lningar och marknadsf\u00f6ring<\/span>\n\t\t\t\t\t\t\t<svg class=\"ams-icon ams-icon__arrow-down\" width=\"24\" height=\"24\" viewbox=\"0 0 24 24\" fill=\"currentColor\" aria-hidden=\"true\" xmlns=\"http:\/\/www.w3.org\/2000\/svg\">\n\t\t\t\t\t\t\t\t\t\t\t\t\t\t\t<path d=\"m11.2033 18.4294-10.872894-10.67584c-.440539-.42594-.440539-1.1147 0-1.54065l.665495-.64345c.440539-.42595 1.152899-.42595 1.593439 0l9.41066 9.27114 9.4107-9.26207c.4405-.42595 1.1529-.42595 1.5934 0l.6655.64345c.4405.42594.4405 1.1147 0 1.54065l-10.8729 10.67587c-.4405.4168-1.1529.4168-1.5934-.0091z\"\/>\n\t\t\t\t\t\t\n\t\t\t\t\t\t\t<\/svg>\n\t\t\t\t\t\t<\/button>\n\t\t\t\t\t<\/h3>\n\t\t\t\t\t<div class=\"c-accordion__body u-font-body\">\n\t\t\t\t\t\t<div class=\"c-accordion__body__inner u-p-fluid-md-xl l-stack\">\n\t\t\t\t\t\t\t<p>N\u00e4r ni skickar in en intresseanm\u00e4lan, skriver upp er p\u00e5 en m\u00e4ssa, anm\u00e4ler er till prova p\u00e5 dag\/skuggning, \u00f6nskar information eller marknadsf\u00f6ring om v\u00e5ra skolor, beh\u00f6ver samtycke l\u00e4mnas. Samtycke \u00e4r frivilligt och avges n\u00e4r anm\u00e4lan eller \u00f6nskem\u00e5let skickas in. Syftet med behandlingen \u00e4r att informera er i enlighet med det ni visat intresse f\u00f6r, administrera bes\u00f6k, skicka marknadsf\u00f6ring, andra meddelanden och p\u00e5minnelser.<\/p>\n<p><strong>Personuppgifter som behandlas kopplat till det h\u00e4r \u00e4r:<\/strong><\/p>\n<ul>\n<li>Namn<\/li>\n<li>Epost<\/li>\n<li>Telefonnummer<\/li>\n<li>Programval<\/li>\n<li>\u00c5r f\u00f6r t\u00e4nkt studiestart<\/li>\n<\/ul>\n<p><strong>R\u00e4ttslig grund:<\/strong> Samtycke, Du kan n\u00e4r du vill dra tillbaka ditt samtycke, inv\u00e4nda mot behandlingen, beg\u00e4ra registerutdrag, r\u00e4ttelse eller att vi begr\u00e4nsar behandlingen. F\u00f6r att avregistrera dig fr\u00e5n digitala reklam- och kommunikationsutskick, f\u00f6lj instruktionerna i det SMS eller e-post som du har f\u00e5tt fr\u00e5n oss. Du kan \u00e4ven kontakta skolan f\u00f6r detta.<\/p>\n<p><strong>Bevarande tid:<\/strong> Uppgifterna lagras i ett \u00e5r efter att ans\u00f6kningstiden f\u00f6r den s\u00f6kta utbildningen g\u00e5tt ut. Vid tillbakadraget samtycke gallras uppgifterna omg\u00e5ende.<\/p>\n<p><strong>Mottagare av personuppgifterna:<\/strong> Marknadsavdelningen och skoladministration inom det varum\u00e4rke du visat intresse f\u00f6r samt marknadsavdelningen inom AcadeMedia. Leverant\u00f6r, AcadeMedia Support AB, Microsoft Ireland Operations Ltd och Infobip Sweden AB. Uppgifterna kan komma att behandlas i Sverige\/EU och i de s.k. tredjel\u00e4nder, l\u00e4nder utanf\u00f6r EU\/EES. \u00d6verf\u00f6ring till tredjel\u00e4nderna sker med st\u00f6d av EU-kommissionens standardavtalsklausuler.<\/p>\n<p>&nbsp;<\/p>\n<h3>Avs\u00e4ga dig direktreklam<\/h3>\n<p>Du kan n\u00e4r som helst avs\u00e4ga dig reklam- och kommunikationsutskick, b\u00e5de digitala och i pappersformat. Avregistrering av direktreklam via post kan ske med tv\u00e5 metoder; en fullst\u00e4ndig avregistrering fr\u00e5n SPAR\/marknadsregister eller en avregistrering fr\u00e5n AcadeMedias reklam. Du avregistrerar dig genom att fylla i <a href=\"https:\/\/docs.google.com\/forms\/d\/e\/1FAIpQLSewTSfm8DfAdYXwNl_3-cfYgrtQ7_xlMkP9qoPBd4uSDkjTDg\/viewform\" target=\"_blank\" rel=\"noopener\">detta formul\u00e4r<\/a>. F\u00f6r att avregistrera dig fr\u00e5n digitala reklam- och kommunikationssutskick, f\u00f6lj instruktionerna i det SMS eller e-post som du har f\u00e5tt fr\u00e5n oss.<\/p>\n\n\t\t\t\t\t\t<\/div>\n\t\t\t\t\t<\/div>\n\t\t\t\t<\/li>\n\t\t\t\t\t<\/ul>\n\t\t\t<\/div>\n\n\t\t\t<\/div>\n\n\t\t\n\n<\/section>\n\n\n\n\n<section  class=\"ams-accordion c-block l-stacked\" data-color-scheme=\"poangplan\">\n\t<div class=\"l-container l-stack l-stack-fluid-2xl u-pt-fluid-3xl-6xl u-pb-fluid-3xl-6xl is-center is-center@md\">\n\t\t\t\t\t<div class=\"ams-accordion__intro l-stack l-stack-lg\">\n\t\t\t\t\t\n\t<h2\n\tclass=\"c-heading u-font-title-1 \"\n\tstyle=\"\">\n\t\t\n\t\t\t\t\tF\u00f6r elever och v\u00e5rdnadshavare i gymnasieskolan\n\t\t\t\t\n\t<\/h2>\n\n\t\t\t\t\t\t\t<\/div>\n\t\t\n\t\t\t<div\n\t\tclass=\"module_wrapper ams-accordion_module\"\n\t>\n\t\t\t\t<ul\n\t\t\tclass=\"ams-accordion-list c-accordion\"\n\t\t\taria-label=\"Dragspel\"\n\t\t\tdata-variant=\"border-between\"\n\t\t>\n\n\t\t\t\t\t\t\t<li class=\"c-accordion__item\">\n\t\t\t\t\t<h3 class=\"c-accordion__header u-font-title-4\">\n\t\t\t\t\t\t\t\t\t\t\t\t<button class=\"c-accordion__trigger u-py-sm u-px-fluid-md-xl\">\n\t\t\t\t\t\t\t<span>Vi behandlar dina personuppgifter f\u00f6r att:<\/span>\n\t\t\t\t\t\t\t<svg class=\"ams-icon ams-icon__arrow-down\" width=\"24\" height=\"24\" viewbox=\"0 0 24 24\" fill=\"currentColor\" aria-hidden=\"true\" xmlns=\"http:\/\/www.w3.org\/2000\/svg\">\n\t\t\t\t\t\t\t\t\t\t\t\t\t\t\t<path d=\"m11.2033 18.4294-10.872894-10.67584c-.440539-.42594-.440539-1.1147 0-1.54065l.665495-.64345c.440539-.42595 1.152899-.42595 1.593439 0l9.41066 9.27114 9.4107-9.26207c.4405-.42595 1.1529-.42595 1.5934 0l.6655.64345c.4405.42594.4405 1.1147 0 1.54065l-10.8729 10.67587c-.4405.4168-1.1529.4168-1.5934-.0091z\"\/>\n\t\t\t\t\t\t\n\t\t\t\t\t\t\t<\/svg>\n\t\t\t\t\t\t<\/button>\n\t\t\t\t\t<\/h3>\n\t\t\t\t\t<div class=\"c-accordion__body u-font-body\">\n\t\t\t\t\t\t<div class=\"c-accordion__body__inner u-p-fluid-md-xl l-stack\">\n\t\t\t\t\t\t\t<p>Nedan kan du som v\u00e5rdnadshavare eller elev l\u00e4sa om hur vi behandlar personuppgifter f\u00f6r olika \u00e4ndam\u00e5l inom respektive omr\u00e5de.<\/p>\n<p>&nbsp;<\/p>\n<h3>Anta och skriva in elever i skolan<\/h3>\n<p>N\u00e4r en elev f\u00e5r en plats i en av v\u00e5ra gymnasieskolor genomf\u00f6rs flera behandlingar av personuppgifter. Eleven och v\u00e5rdnadshavare skrivs in i v\u00e5rt k\u00e4llsystem Schoolsoft. D\u00e4r l\u00e4gger vi in uppgifter om dig som v\u00e5rdnadshavare och elev som beh\u00f6vs f\u00f6r att vi ska kunna bedriva v\u00e5r verksamhet, till exempel erbjuda modersm\u00e5lsundervisning eller s\u00e4rskilt st\u00f6d. Informationen kommer fr\u00e5n elevens f\u00f6r\u00e4ldrar, fr\u00e5n Skatteverkets register om personer i Sverige; \u201dStatens personadressregister (SPAR)\u201d och skapas ocks\u00e5 ibland av de som jobbar p\u00e5 skolan som eleven g\u00e5r p\u00e5.<\/p>\n<p><strong>I samband med det som beskrivs ovan behandlas f\u00f6ljande personuppgifter:<\/strong><\/p>\n<ul>\n<li>Namn och personnummer p\u00e5 elev<\/li>\n<li>Namn och personnummer v\u00e5rdnadshavare<\/li>\n<li>Folkbokf\u00f6ringsadress<\/li>\n<li>Telefon<\/li>\n<li>E-post<\/li>\n<li>Meritpo\u00e4ng och beh\u00f6righet fr\u00e5n grundskolan<\/li>\n<li>Kommentar (fritextf\u00e4lt)<\/li>\n<li>Modersm\u00e5l<\/li>\n<li>Resultat p\u00e5 f\u00e4rdighetsprov eller uttagning om du s\u00f6ker en utbildning d\u00e4r detta kr\u00e4vs, till exempel musik eller idrott p\u00e5 vissa skolor<\/li>\n<li>Uppgift om h\u00e4lsa som sjukdom, diagnos eller liknande som skolan beh\u00f6ver veta f\u00f6r att kunna tillhandah\u00e5lla extra anpassningar, s\u00e4rskilt st\u00f6d eller arbeta med elevh\u00e4lsa eller om du s\u00f6ker en av v\u00e5ra anpassade gymnasieskolor. Mer information om behandlingar relaterat till det finns nedan. Uppgifter om h\u00e4lsa kan \u00e4ven f\u00f6rekomma om eleven \u00e4r inskriven i en resursskola p\u00e5 gymnasieniv\u00e5.<\/li>\n<\/ul>\n<p><strong>Mottagare av personuppgifter:<\/strong> Intendent eller annan administrativ personal p\u00e5 skolan, personal p\u00e5 skolan som l\u00e4rare, leverant\u00f6r av system som Schoolsoft och Google. N\u00e4r vi arbetar i Google exponeras uppgifter till USA baserat p\u00e5 adekvansbeslut enligt art. 45 GDPR EU-US Data Privacy Framework. F\u00f6r mer information om dessa kontakta skolan.<\/p>\n<p><strong> R\u00e4ttslig grund:<\/strong> Allm\u00e4nt intresse, 15 kapitlet 5 \u00a7, 16 kapitlet 37 \u00a7 och 17 kapitlet 15 \u00a7 skollagen (2010:800) samt uppfylla krav p\u00e5 s\u00e4rskilt st\u00f6d och arbete med modersm\u00e5l samt bedriva resursskola p\u00e5 gymnasieniv\u00e5. Modersm\u00e5l behandlas med st\u00f6d av art 9. g) GDPR allm\u00e4nt intresse arbeta med modersm\u00e5l i enlighet med lagkrav i skollagen.<\/p>\n<p><strong>Bevarande tid:<\/strong> Antagningsbeslut och upps\u00e4gning av k\u00f6plats gallras vid l\u00e4s\u00e5rsslut enligt arkivplan. \u00d6vriga personuppgifter bevaras under tiden eleven \u00e4r inskriven i gymnasieskolan och ska d\u00e4refter gallras.<\/p>\n<p>&nbsp;<\/p>\n<h3>Kommunicera med elev och v\u00e5rdnadshavare<\/h3>\n<p>Tills eleven blir myndig har v\u00e5rdnadshavare r\u00e4tt att informeras om elevens skolg\u00e5ng, vilket sker via Schoolsoft eller Google Classroom. P\u00e5 dessa digitala plattformar hittar ni ocks\u00e5 viktig information fr\u00e5n skolans rektor eller l\u00e4rare om l\u00e4xor, kommande prov eller studiedagar. N\u00e4r eleven fyller 18 \u00e5r har v\u00e5rdnadshavaren inte l\u00e4ngre beh\u00f6righet om inte eleven v\u00e4ljer att dela den. Kontakt kan ocks\u00e5 ske genom Snackamedskolan.<\/p>\n<p>Skolan kan beh\u00f6va kontakta eleven eller elevens v\u00e5rdnadshavare vid akuta situationer eller sjukdom som uppst\u00e5r p\u00e5 skolan. Det \u00e4r ocks\u00e5 m\u00f6jligt f\u00f6r eleven eller elevens v\u00e5rdnadshavare att kontakta skolans ledning eller huvudman och den kontakten sker fr\u00e4mst via e-post eller telefonsamtal.<\/p>\n<p><strong>F\u00f6r att kunna g\u00f6ra detta beh\u00f6ver vi behandla f\u00f6ljande kategorier av personuppgifter om er:<\/strong><\/p>\n<ul>\n<li>Namn och personnummer<\/li>\n<li>Kontaktuppgifter som e-post och telefonnummer<\/li>\n<li>Kommunikation i form av e-post och sms<\/li>\n<li>Anv\u00e4ndarnamn (Snackamedskolan)<\/li>\n<li>Grupp\/klass<\/li>\n<li>Ljud- och bildmaterial<\/li>\n<li>Beskrivningar av l\u00e4rande och f\u00f6rslag p\u00e5 utveckling fram\u00e5t<\/li>\n<\/ul>\n<p><strong>Mottagare av personuppgifter:<\/strong> Uppgifterna delas internt med mottagaren av informationen, till exempel om en v\u00e5rdnadshavare skickar ett mejl till en l\u00e4rare eller om m\u00f6te bokas med studie- och yrkesv\u00e4gledare samt med leverant\u00f6rerna av l\u00e4rplattformarna, Schoolsoft och Google som \u00e4r v\u00e5ra bitr\u00e4den. N\u00e4r vi arbetar i Google exponeras information till USA baserat p\u00e5 adekvansbeslut EU-US Data Privacy Framework i enlighet med art. 45 GDPR. Kontaktar du oss genom Snackamedskolan delas uppgifterna med leverant\u00f6rerna Publicis Communications Sweden AB, Telia Sergel och Twilio Sendgrid, av dessa exponerar eller \u00f6verf\u00f6r Twilio Sendgrip uppgifter till USA med st\u00f6d av adekvansbeslut EU-US Data Privacy Framework i enlighet med art. 45 GDPR.<\/p>\n<p><strong>R\u00e4ttslig grund:<\/strong> Allm\u00e4nt intresse n\u00e4r det g\u00e4ller att genomf\u00f6ra utbildning enligt Skollagen 1 kap 11 \u00a7 (2010:800), alternativt r\u00e4ttslig f\u00f6rpliktelse enligt 3 kap. 3 \u00a7 Skollagen (2010:800) n\u00e4r det g\u00e4ller information till v\u00e5rdnadshavare eller hantering av klagom\u00e5l 4 kap. 8 \u00a7 Skollagen (2010:800).<\/p>\n<p><strong>Bevarande tid:<\/strong> Kommunikation s\u00e5 som e-post gallras n\u00e4r syfte med kommunikation \u00e4r uppn\u00e5dd. Dock kan vissa personuppgifter och kommunikation bevaras l\u00e4ngre om det \u00e4r en del av en annan behandling, till exempel klagom\u00e5l mot utbildningen eller som en del av det systematiska kvalitetsarbetet.<\/p>\n<p>&nbsp;<\/p>\n<h3>Hantera IT konton<\/h3>\n<p>Eleven f\u00e5r vid antagning ett IT-konto s\u00e5 att eleven kan logga in p\u00e5 skolans datorer. Information om eleven hanteras d\u00e5 f\u00f6r att elevens konto ska vara s\u00e4kert; s\u00e5 kallad datas\u00e4kerhet. I samband med att eleven b\u00f6rjar skolan f\u00e5r \u00e4ven du som v\u00e5rdnadshavare ett konto hos oss f\u00f6r att kunna ta del av information genom Schoolsoft. Informationen f\u00f6r att skapa kontot kommer fr\u00e5n dig sj\u00e4lv, hemkommunen och SPAR (Statens personadressregister). Har du fr\u00e5gor om ditt konto eller elevkonton, kontakta i f\u00f6rsta hand skolan.<\/p>\n<ul>\n<li>Elevens anv\u00e4ndarnamn<\/li>\n<li>Elevens l\u00f6senord<\/li>\n<li>V\u00e5rdnadshavares namn och personnummer<\/li>\n<li>V\u00e5rdnadshavares e-post och telefonnummer<\/li>\n<li>IP-adress (det nummer som identifierar den dator eleven anv\u00e4nder p\u00e5 ett n\u00e4tverk)<\/li>\n<li>Om eleven anv\u00e4nder vissa typer av program p\u00e5 datorn, exempelvis kan \u00e4ven h\u00e4ndelser som har med s\u00e4kerhet p\u00e5 elevens konto att g\u00f6ra, loggas<\/li>\n<li>Informationen kommer fr\u00e5n skolans IT-st\u00f6d eller av programmen eleven anv\u00e4nder p\u00e5 datorn<\/li>\n<\/ul>\n<p><strong>Mottagare av personuppgifter:<\/strong> Informationen hanteras av skolans IT-st\u00f6d och skoladministration, Academedia Support AB samt leverant\u00f6r av tj\u00e4nsten. F\u00f6r AD-konton \u00e4r det Azure genom Microsoft. Uppgifterna ska endast behandlas inom EU\/EES.<\/p>\n<p><strong>R\u00e4ttslig grund:<\/strong> R\u00e4ttslig f\u00f6rpliktelse, beh\u00f6righetshantering, \u00e5tkomsthantering och uppgiftsminimering.<\/p>\n<p><strong>Bevarande tid:<\/strong> Personuppgifter, b\u00e5de elevens och v\u00e5rdnadshavarens bevaras under tiden eleven \u00e4r inskriven i skolan.<\/p>\n<p>&nbsp;<\/p>\n<h3>Hantera n\u00e4rvaro och fr\u00e5nvaro<\/h3>\n<p>N\u00e4r en elev g\u00e5r i gymnasieskolan finns n\u00e4rvaroplikt och om en elev \u00e4r fr\u00e5nvarande ska det anm\u00e4las. Tills eleven \u00e4r myndig \u00e4r skolan skyldig att kontakta v\u00e5rdnadshavare vid fr\u00e5nvaro. Vi tar n\u00e4rvaro under varje lektion samt f\u00f6ljer upp om eleven varit fr\u00e5nvarande fr\u00e5n skolan under en l\u00e4ngre period. N\u00e4r l\u00e4rare p\u00e5 skolan tar n\u00e4rvaro registreras den i Schoolsoft. Skolan beh\u00f6ver aktuella n\u00e4rvarolistor i fall att n\u00e5got akut skulle h\u00e4nda p\u00e5 skolan.<\/p>\n<p><strong>Kategorier av personuppgifter:<\/strong><\/p>\n<ul>\n<li>F\u00f6r eleven s\u00e5 som namn, efternamn, personnummer<\/li>\n<li>F\u00f6r v\u00e5rdnadshavare s\u00e5 som namn, efternamn, personnummer<\/li>\n<li>Kontaktuppgifter som e-post och telefon<\/li>\n<li>Kommunikation<\/li>\n<li>Planerade n\u00e4rvarotider<\/li>\n<li>Faktiska n\u00e4rvarotider<\/li>\n<li>Fr\u00e5nvaro Grupp\/klass<\/li>\n<\/ul>\n<p><strong>Mottagare av personuppgifter:<\/strong> Uppgifterna delas internt med mottagaren av informationen som ansvarig l\u00e4rare f\u00f6r lektionen d\u00e4r elev fr\u00e5nvaroanm\u00e4lts, vilket sker i Schoolsoft. \u00c4ven rektor kan ta del av uppgifter om fr\u00e5nvaro d\u00e5 det kan p\u00e5verka studiebidraget. Elevh\u00e4lsoteam kan ta del av uppgifter om de blir inkopplade. Uppgifterna delas ocks\u00e5 med CSN baserat p\u00e5 n\u00e4rvaro. Uppgifterna behandlas endast inom EU\/EES.<\/p>\n<p><strong>R\u00e4ttslig grund:<\/strong> R\u00e4ttslig f\u00f6rpliktelse, 15 kap. 16 \u00a7 Skollagen (2010:800) n\u00e4r det g\u00e4ller n\u00e4rvaro i gymnasieskolan, samt rapportering till CSN enligt 6 kap. 6 \u00a7 studiest\u00f6dsf\u00f6rordningen (1999:1395).<\/p>\n<p><strong>Bevarande tid:<\/strong> Personuppgifter bevaras under tiden elev \u00e4r inskriven i skolan.<\/p>\n<p>&nbsp;<\/p>\n<h3>Genomf\u00f6ra undervisning<\/h3>\n<p>Skolan har information om sina elever f\u00f6r elevens utbildning och f\u00f6r att l\u00e4ra eleven om \u00e4mnen eleven har i skolan. Elever ska ges den ledning och stimulans som alla elever har r\u00e4tt till i den ordinarie undervisningen. Som en del av ordinarie undervisning anv\u00e4nder vi oss d\u00e4rf\u00f6r av olika l\u00e4romedel, analoga och digitala, till exempel anv\u00e4nds verktyg f\u00f6r att schemal\u00e4gga undervisningen och s\u00e4kerst\u00e4lla att eleverna f\u00e5r tillr\u00e4ckligt med undervisningstid. I undervisningen har vi \u00e4ven digitala prov.<\/p>\n<p>Informationen som behandlas kommer fr\u00e5n elevens f\u00f6r\u00e4ldrar, fr\u00e5n Skatteverkets register om personer i Sverige; \u201dStatens personadressregister (SPAR)\u201d och skapas ofta av de som jobbar p\u00e5 skolan som eleven g\u00e5r p\u00e5. \u00c4ven information i tj\u00e4nsterna som skapas vid anv\u00e4ndning behandlas.<\/p>\n<p><strong>Kategorier av personuppgifter som behandlas \u00e4r f\u00f6ljande::<\/strong><\/p>\n<ul>\n<li>Namn<\/li>\n<li>Personnummer<\/li>\n<li>K\u00e4nsliga personuppgifter (k\u00f6n och modersm\u00e5l)<\/li>\n<li>Grupp\/klass<\/li>\n<li>Feedback pedagogisk progress<\/li>\n<li>Inl\u00e4mnade uppgifter och provsvar<\/li>\n<li>Ljud- och videoinspelningar<\/li>\n<li>N\u00e4rvaro<\/li>\n<li>Resultat p\u00e5 nationella prov<\/li>\n<li>Resultat p\u00e5 prov<\/li>\n<li>Utvecklingsplan<\/li>\n<li>Utv\u00e4rderingar<\/li>\n<li>IP-adress<\/li>\n<li>Bild p\u00e5 elev<\/li>\n<\/ul>\n<p><strong>Mottagare av personuppgifter:<\/strong> Skolan \u00e4r ansvarig f\u00f6r hur informationen om eleven hanteras och det \u00e4r skolledningen, undervisande personal, skolpersonalen inom elevh\u00e4lsan och elevresurser som anv\u00e4nder informationen. Vissa typer av dokument som betyg f\u00f6rvaras i arkivsk\u00e5p p\u00e5 skolan med begr\u00e4nsad beh\u00f6righet.<\/p>\n<p>I samband med att dessa behandlingar sker kan \u00e4ven andra leverant\u00f6rer av tj\u00e4nster f\u00f6r undervisning, bitr\u00e4den till oss, hantera en del av elevernas personuppgifter. Till exempel anv\u00e4nds Google Classroom och vid anv\u00e4ndning av Google exponeras uppgifter till USA baserat p\u00e5 art. 45 GDPR adekvansbeslut EU-US Data Privacy Framework. F\u00f6r schemal\u00e4ggning anv\u00e4nds Schoolsoft, Skola24 och Plan Digital.<\/p>\n<p>Vid digitala prov delas uppgifterna med leverant\u00f6ren Exam.net och Kunskapsmatrisen, b\u00e5da genom bolaget Teachiq AB. Personuppgifterna som f\u00f6rekommer kopplat till digitala nationella prov delas med Skolverket. Mer information om digitala nationella prov finns h\u00e4r <a href=\"https:\/\/www.skolverket.se\/skolutveckling\/digitala-nationella-prov\" target=\"_blank\" rel=\"noopener\">Digitala nationella prov &#8211; Skolverket<\/a>.<\/p>\n<p>Personuppgifterna kan \u00e4ven delas med s\u00e5 kallade tredjepartsappar som vi anv\u00e4nder i undervisningen. F\u00f6r att trygga elevernas personuppgifter vid anv\u00e4ndning av tredjepartsappar ska granskning ske av Privacy Office innan en ny tj\u00e4nst b\u00f6rjar anv\u00e4ndas. Vilka digitala l\u00e4romedel och l\u00e4rtj\u00e4nster som finns p\u00e5 skolan kan eleven fr\u00e5ga sin rektor f\u00f6r att f\u00e5 detaljerad information om hur elevens personuppgifter hanteras i de olika systemen.<\/p>\n<p><strong>R\u00e4ttslig grund:<\/strong> Allm\u00e4nt intresse, genomf\u00f6ra utbildning enligt 1 kap. 11 \u00a7 Skollagen (2010:800) i enlighet med l\u00e4roplan, schemal\u00e4ggning r\u00e4ttslig f\u00f6rpliktelse s\u00e4kerst\u00e4lla tillr\u00e4cklig undervisningstid, 16 kap. 18 \u00a7, 17 kap. 6 \u00a7 Skollagen (2010:800).<\/p>\n<p><strong>Bevarande tid:<\/strong> Informationen tas bort vid olika tillf\u00e4llen s\u00e5 att skolan inte har kvar den l\u00e4ngre \u00e4n n\u00f6dv\u00e4ndigt, generellt bevaras uppgifter om eleven tills eleven l\u00e4mnar skolan. Beslut om anpassad studieg\u00e5ng, beslut om enskild undervisning, beslut om placering i annan undervisningsgrupp, och beslut om \u00e5tg\u00e4rdsprogram tas bort efter avslutad utbildning. Betyg sparas och tas inte bort.<\/p>\n<p>&nbsp;<\/p>\n<h3>Betygs\u00e4ttning och omd\u00f6men<\/h3>\n<p>Betygs\u00e4ttning och omd\u00f6men regleras i skollagen och l\u00e4roplanen som vi f\u00f6ljer. Vi l\u00e4mnar \u00e4ven \u00f6ver betyg till hemkommunen. Betyg kan f\u00f6rvaras i arkivsk\u00e5p p\u00e5 skolan med begr\u00e4nsad beh\u00f6righet. I samband med det behandlas f\u00f6ljande personuppgifter:<\/p>\n<ul>\n<li>Resultat p\u00e5 underlag till betyg och omd\u00f6men<\/li>\n<li>Namn<\/li>\n<li>Personnummer<\/li>\n<li>Klass<\/li>\n<li>\u00c5rskurs<\/li>\n<li>Betyg<\/li>\n<li>Utbildning\/program<\/li>\n<li>Kursnamn<\/li>\n<\/ul>\n<p><strong>Mottagare av personuppgifter:<\/strong> Medarbetare som arbetar med betygs\u00e4ttning och administration av det, rektor, elev, v\u00e5rdnadshavare, hemkommun.<\/p>\n<p><strong>R\u00e4ttslig grund:<\/strong> Myndighetsut\u00f6vning (betygss\u00e4ttning regleras i 3 kap. 13 \u00a7 (2010:800), omd\u00f6me f\u00f6ljer 15 kap. 22-27 \u00a7\u00a7 Skollagen (2010:800). Allm\u00e4nt intresse modersm\u00e5lsundervisning 10 kap. 7 \u00a7 Skollagen (2010:800) modersm\u00e5l. \u00d6verl\u00e4mnande av betygsunderlag r\u00e4ttslig f\u00f6rpliktelse, 29 kap. 18 \u00a7 Skollagen (2010:800), s.606 Prop. 2009\/10:165.<\/p>\n<p>Modersm\u00e5l behandlas med st\u00f6d av art. 9 g) GDPR allm\u00e4nt intresse arbeta med modersm\u00e5l i enlighet med lagkrav.<\/p>\n<p><strong>Bevarande tid:<\/strong> Skriftligt omd\u00f6me f\u00f6r elev i \u00e5k 9 bevaras. Terminsbetyg gallras efter tv\u00e5 \u00e5r efter avslutad utbildning. Slutbetyg bevaras. Original ges till elev och kopia skickas till respektive kommun f\u00f6r arkivering och sparas \u00e4ven p\u00e5 skolan. Signerade betygskataloger ska sparas p\u00e5 skolan. Slutbetyg, studieintyg och examensbevis bevaras.<\/p>\n<p>&nbsp;<\/p>\n<h3>Arbeta med studieplaner<\/h3>\n<p>Det finns i skollagen krav p\u00e5 att vi ska arbeta med studieplaner i vissa fall, n\u00e4r vi g\u00f6r det behandlas f\u00f6ljande personuppgifter:<\/p>\n<ul>\n<li>F\u00f6rnamn<\/li>\n<li>Efternamn<\/li>\n<li>Klass<\/li>\n<li>N\u00e4rvaro\/fr\u00e5nvaro<\/li>\n<li>Inneh\u00e5ll i studieplan<\/li>\n<\/ul>\n<p><strong>Mottagare av personuppgifter:<\/strong> Ansvarig l\u00e4rare, elever och v\u00e5rdnadshavare<\/p>\n<p><strong>R\u00e4ttslig grund:<\/strong> Allm\u00e4nt intresse, uppr\u00e4tta individuella studieplaner 16 kap. 25 \u00a7, 17 kap. 7 \u00a7 Skollagen (2010-800)<\/p>\n<p><strong>Bevarande tid:<\/strong> 2 \u00e5r efter avslutad utbildning f\u00f6r protokoll vid utvecklingssamtal och utvecklingsplan.<\/p>\n<p>&nbsp;<\/p>\n<h3>Internutredning och uppf\u00f6ljning av vidtagna \u00e5tg\u00e4rder<\/h3>\n<p>Inom skolan finns det olika r\u00e4ttsliga krav p\u00e5 verksamheten kopplat till hantering av incidenter, kr\u00e4nkningsanm\u00e4lningar och tillbudsrapporter. I praktiken kan det handla om att du som v\u00e5rdnadshavare eller en elev l\u00e4mnar in ett klagom\u00e5l om skolan till rektorn eller skolchef. Det \u00e4r m\u00f6jligt att l\u00e4mna anonyma klagom\u00e5l, men f\u00f6r att genomf\u00f6ra en fullst\u00e4ndig utredning kan enheten beh\u00f6va samla in och behandla en del personuppgifter som \u00e4r relevanta f\u00f6r att utreda ditt klagom\u00e5l.<\/p>\n<p>Rektorer har ett arbetsmilj\u00f6ansvar f\u00f6r de elever som g\u00e5r i skolan, \u00e4ven om dessa inte omfattas av arbetsmilj\u00f6lagen. Tillbud och olyckor som drabbar elev anm\u00e4ls till huvudman f\u00f6r att denne systematiskt ska kunna f\u00f6lja upp inrapporterade tillbud och vidta \u00e5tg\u00e4rder f\u00f6r att s\u00e4kerst\u00e4lla att milj\u00f6n \u00e4r trygg f\u00f6r alla elever.<\/p>\n<p>En rektor, l\u00e4rare eller annan personal som f\u00e5r k\u00e4nnedom om att en elev har blivit utsatt f\u00f6r kr\u00e4nkande behandling av en annan elev eller vuxen i samband med verksamheten \u00e4r \u00e4ven skyldig att anm\u00e4la detta till huvudman.<\/p>\n<p>F\u00f6r att kunna uppr\u00e4tth\u00e5lla dokumentation kring eventuella anm\u00e4lningar eller incidenter som intr\u00e4ffar i samband med elevens deltagande i skolan g\u00f6r vi f\u00f6ljande personuppgiftsbehandlingar:<\/p>\n<ul>\n<li>Dokumentera eventuella olyckor\/tillbud i \u00e4rendehanteringssystem<\/li>\n<li>Dokumentation av utredning och slutsatser kopplat till eventuella olyckor\/tillbud f\u00f6r elevernas arbetsmilj\u00f6<\/li>\n<li>Dokumentation av utredning och slutsatser kopplat till eventuell kr\u00e4nkande behandling i verksamheten<\/li>\n<li>\u00c5tg\u00e4rdsplan f\u00f6r att s\u00e4kerst\u00e4lla att kr\u00e4nkning upph\u00f6r<\/li>\n<li>Dokumentation av utredning och slutsatser kopplat till klagom\u00e5l mot utbildningen<\/li>\n<li>Handlingsplan f\u00f6r att \u00e5tg\u00e4rda eventuella brister som uppt\u00e4ckts i verksamheten utifr\u00e5n klagom\u00e5l<\/li>\n<li>Kommunikation av utredning och vidtagna \u00e5tg\u00e4rder till dig som v\u00e5rdnadshavare<\/li>\n<\/ul>\n<p><strong>I samband med detta behandlas f\u00f6ljande kategorier av personuppgifter:<\/strong><\/p>\n<ul>\n<li>Namn p\u00e5 elev<\/li>\n<li>Om aktuellt, namn p\u00e5 v\u00e5rdnadshavare<\/li>\n<li>Om aktuellt, kontaktuppgifter till v\u00e5rdnadshavare<\/li>\n<li>Klagom\u00e5let som l\u00e4mnats in med tillh\u00f6rande underlag som till exempel bilder<\/li>\n<li>Upplysningar, handlingar och annat material som beh\u00f6vs f\u00f6r internutredning<\/li>\n<\/ul>\n<p><strong>Mottagare av personuppgifter:<\/strong> Internt delas informationen med de som arbetar med fr\u00e5gan till exempel rektor, skolchef och aktuell personal p\u00e5 skolan eller inom AcadeMedia, till exempel skoljurister, samt v\u00e5ra leverant\u00f6rer av systemen som arbetet sker i, till exempel Google och Schoolsoft. Vid anv\u00e4ndning av Google exponeras uppgifter till USA baserat p\u00e5 adekvansbeslut EU-US Data Privacy Framework art. 45 GDPR. Kontakta skolan om du vill veta mer.<\/p>\n<p><strong>R\u00e4ttslig grund:<\/strong> R\u00e4ttslig f\u00f6rpliktelse, hantera klagom\u00e5l 4 kap. 8 \u00a7, 6 kap. 10 \u00a7 Skollagen (2010:800).<\/p>\n<p><strong>Bevarande tid:<\/strong> Beslut och utredning av klagom\u00e5l mot utbildningen bevaras i 5 \u00e5r efter att beslut f\u00f6rmedlas. Anm\u00e4lning\/utredning av kr\u00e4nkande behandling till huvudmannen enligt 6 kap 10 \u00a7 Skollagen (2010:800) bevaras ocks\u00e5 i 5 \u00e5r.<\/p>\n<p>Dokumentation av tillbud\/olycksfall och utredning bevaras i 5 \u00e5r efter att olyckan\/tillbud anm\u00e4ls f\u00f6r att s\u00e4kerst\u00e4lla att du som v\u00e5rdnadshavare kan f\u00e5 ut relevant information f\u00f6r till exempel f\u00f6rs\u00e4kringsanm\u00e4lan.<\/p>\n<p>&nbsp;<\/p>\n<h3>M\u00f6jligg\u00f6ra anpassningar, s\u00e4rskilt st\u00f6d och \u00e5tg\u00e4rdsprogram i gymnasieskolan<\/h3>\n<p>Alla elever har r\u00e4tt till ledning och stimulans f\u00f6r att kunna utvecklas s\u00e5 l\u00e5ngt som m\u00f6jligt. En del elever har ocks\u00e5 r\u00e4tt till extra anpassningar eller s\u00e4rskilt st\u00f6d. Eleven m\u00e5ste inte ha en diagnos f\u00f6r att f\u00e5 extra anpassningar eller s\u00e4rskilt st\u00f6d, det kan ocks\u00e5 vara s\u00e5 att eleven inte alltid k\u00e4nner till vilka anpassningar som l\u00e4raren g\u00f6r. Det kan till exempel vara att eleven f\u00e5r redovisa en uppgift muntligt ist\u00e4llet f\u00f6r skriftligt. \u00c4r elevens behov st\u00f6rre eller mer l\u00e5ngvarigt kan rektor beh\u00f6va fatta beslut om \u00e5tg\u00e4rder s\u00e5 att eleven klarar kraven f\u00f6r betygen i \u00e5rskursen. Alla gymnasieskolor inom AcadeMedia f\u00f6ljer samma arbetsg\u00e5ng f\u00f6r arbetet med st\u00f6dinsatser. F\u00f6r att kunna uppr\u00e4tth\u00e5lla arbetsprocesserna med st\u00f6dinsatser genomf\u00f6r vi f\u00f6ljande personuppgiftsbehandlingar:<\/p>\n<ul>\n<li>En bed\u00f6mning g\u00f6rs att en elev riskerar att inte uppfylla de betygskriterier eller de kriterier f\u00f6r bed\u00f6mning av kunskaper som minst ska uppfyllas<\/li>\n<li>Elevens behov av st\u00f6d tillgodoses genom extra anpassningar. Anpassningarna f\u00f6ljs upp<\/li>\n<li>Rektor ser till att en utredning av elevens eventuella behov av s\u00e4rskilt st\u00f6d genomf\u00f6rs skyndsamt<\/li>\n<li>Utredningen visar att eleven \u00e4r\/eller inte \u00e4r i behov av s\u00e4rskilt st\u00f6d. \u00c5tg\u00e4rdsprogram utarbetas och beslutas om behov finns<\/li>\n<li>Eleven ges st\u00f6d i enlighet med \u00e5tg\u00e4rdsprogrammet. \u00c5tg\u00e4rdsprogrammet f\u00f6ljs upp och utv\u00e4rderas<\/li>\n<li>Nytt \u00e5tg\u00e4rdsprogram utarbetas och beslutas eller s\u00e5 tas beslut om att avsluta \u00e5tg\u00e4rdsprogram<\/li>\n<\/ul>\n<p><strong>I samband med detta behandlas f\u00f6ljande kategorier av personuppgifter:<\/strong><\/p>\n<ul>\n<li>Elevens namn, efternamn, personnummer<\/li>\n<li>Behov av talsyntes<\/li>\n<li>Beslut om anpassad studieg\u00e5ng<\/li>\n<li>Beslut om enskild undervisning<\/li>\n<li>Beslut om placering i annan undervisningsgrupp<\/li>\n<li>Beslut om \u00e5tg\u00e4rdsprogram<\/li>\n<li>Dokumentation av extra anpassningar<\/li>\n<li>Dokumentation f\u00f6r s\u00e4rskilt st\u00f6d<\/li>\n<li>Feedback pedagogisk progress<\/li>\n<li>Inl\u00e4mnade uppgifter och provsvar<\/li>\n<li>Utvecklingsplan<\/li>\n<li>Utv\u00e4rderingar<\/li>\n<\/ul>\n<p><strong>Mottagare av personuppgifter:<\/strong> Elevh\u00e4lsopersonal, undervisande personal som st\u00f6ttar i eleven kopplat till fr\u00e5gorna, Google och Prorenata. Vid anv\u00e4ndning av Google exponeras uppgifter till USA baserat p\u00e5 adekvansbeslut EU-US Data Privacy Framework i enlighet med art. 45 GDPR.<\/p>\n<p><strong>R\u00e4ttslig grund:<\/strong> R\u00e4ttslig f\u00f6rpliktelse, 3 kap. 4, 4b, 5-12 \u00a7\u00a7 Skollagen (2010:800).<\/p>\n<p>Personuppgifterna som behandlas kan vara k\u00e4nsliga enligt GDPR, de behandlas med st\u00f6d av art. 9 g) GDPR allm\u00e4nt intresse uppfylla de krav som finns p\u00e5 verksamheten i skollagen.<\/p>\n<p><strong>Bevarande tid:<\/strong> Du kan l\u00e4sa mer om hur l\u00e4nge vi beh\u00f6ver f\u00f6rvara de olika formerna av underlag kopplat till s\u00e4rskilt st\u00f6d i v\u00e5r <a href=\"https:\/\/medarbetare.academedia.se\/gymnasieskola\/juridik\/arkiveringsplan\/\" target=\"_blank\" rel=\"noopener\">arkiveringsplan<\/a>.<\/p>\n<p>&nbsp;<\/p>\n<h3>Erbjuda elevh\u00e4lsans medicinska insats (EMI)- skolsk\u00f6terska och skoll\u00e4kare<\/h3>\n<p>I skollagen finns en r\u00e4ttslig f\u00f6rpliktelse att tillhandah\u00e5lla elevh\u00e4lsa. V\u00e5rdnadshavare och elever i v\u00e5ra skolor kan d\u00e4rf\u00f6r komma i kontakt med elevh\u00e4lsans medicinska insats d\u00e4r skolan \u00e4r v\u00e5rdgivare; exempelvis skolsk\u00f6terska eller skoll\u00e4kare. Om det sker hanterar elevh\u00e4lsans medicinska insats information i form av k\u00e4nsliga personuppgifter om eleven f\u00f6r att \u00f6vervaka elevens h\u00e4lsa och st\u00f6dja en bra h\u00e4lsoutveckling i skolan och d\u00e5 sker det baserat p\u00e5 krav i skollagen.<\/p>\n<p>Elevh\u00e4lsans medicinska arbete utg\u00e5r fr\u00e5n ett basprogram. Informationen tas fram av personalen inom den medicinska insatsen, till exempel skolsk\u00f6terska eller skoll\u00e4kare eller kommer fr\u00e5n en annan v\u00e5rdgivare, till exempel en annan skolas medicinska insats. Elevh\u00e4lsans uppdrag i gymnasiet kan variera beroende p\u00e5 elevens tidigare skolg\u00e5ng, i vissa situationer ges till exempel kompletterande vaccinationer.<\/p>\n<p><strong>I samband med detta kan f\u00f6ljande kategorier av personuppgifter behandlas:<\/strong><\/p>\n<ul>\n<li>Elevens namn, efternamn, personnummer<\/li>\n<li>Kontaktuppgifter som telefonnummer och adress<\/li>\n<li>Elevh\u00e4lsans medicinska insats (EMI) anteckning om anamnes, status, \u00e5tg\u00e4rd och resultat<\/li>\n<li>EMI tidsbokning<\/li>\n<li>EMI vaccination<\/li>\n<li>EMI vaccinationsordination<\/li>\n<li>EMI vaccination \u00f6verf\u00f6ring till Nationella vaccinationsregistret<\/li>\n<li>EMI skoll\u00e4karanteckning<\/li>\n<li>EMI remisser<\/li>\n<li>EMI h\u00e4lsouppf\u00f6ljning<\/li>\n<li>EMI h\u00e4lsodeklaration<\/li>\n<li>EMI checklista<\/li>\n<li>EMI diagnos<\/li>\n<li>EMI h\u00f6rselkontroll<\/li>\n<li>EMI m\u00e4tv\u00e4rden<\/li>\n<li>EMI synkontroll<\/li>\n<li>EMI tillv\u00e4xtkontroll<\/li>\n<li>EMI varningar<\/li>\n<li>EMI \u00e4rftlighet\/risk<\/li>\n<li>EMI beg\u00e4ran om remissvar<\/li>\n<li>EMI inskannat underlag fr\u00e5n tidigare v\u00e5rdgivare<\/li>\n<li>EMI medgivande journalrekvisition<\/li>\n<li>EMI medgivande vaccination samtycke<\/li>\n<li>Inskannad psykomotorisk utveckling<\/li>\n<li>Inskannat psykologutl\u00e5tande<\/li>\n<li>V\u00e5rdgivarens avvikelserapport<\/li>\n<\/ul>\n<p><strong>Mottagare av personuppgifter:<\/strong> Beroende p\u00e5 vilken information det \u00e4r kan den hanteras av skolsk\u00f6terska, ledningsansvarig skolsk\u00f6terska, skoll\u00e4kare, skol\u00f6verl\u00e4kare, skolpsykolog, systemadministrat\u00f6r f\u00f6r Prorenata och medicinsk verksamhetschef. Uppgifterna \u00f6verf\u00f6rs inte till tredjeland. Uppgifter om vaccination \u00f6verf\u00f6rs till Folkh\u00e4lsomyndigheten i enlighet med lagkrav genom Prorenata.<\/p>\n<p><strong>R\u00e4ttslig grund:<\/strong> R\u00e4ttslig f\u00f6rpliktelse, bedriva elevh\u00e4lsa 2 kap. 25-28 \u00a7\u00a7 Skollagen (2010:800). Informationen om eleven hanteras med den tystnadsplikt som g\u00e4ller enligt patients\u00e4kerhetslagen (2010:659) och patientdatalagen (2008:355) samt enligt den allm\u00e4nna dataskyddsf\u00f6rordningens konfidentialitetskrav. Tystnadsplikten kan h\u00e4vas med st\u00f6d av samtycke. F\u00f6r utl\u00e4mnande av vaccinationsuppgifter r\u00e4ttslig f\u00f6rpliktelse, 8 \u00a7 Lag (2012:453) om register \u00f6ver nationella vaccinationsprogram m.m.<\/p>\n<p>Uppgifterna som behandlas kan vara k\u00e4nsliga enligt GDPR, de behandlas med st\u00f6d av art. 9 g) GDPR arbete med elevh\u00e4lsa i enlighet med skollagen.<\/p>\n<p><strong>Bevarande tid:<\/strong> Personuppgifterna bevaras och gallras inte d\u00e5 elevh\u00e4lsan \u00e4r slutinstans f\u00f6r behandling av uppgifterna.<\/p>\n<p>&nbsp;<\/p>\n<h3>Erbjuda elevh\u00e4lsan i \u00f6vrigt<\/h3>\n<p>Som elev i en av v\u00e5ra skolor kan man \u00e4ven komma i kontakt med elevh\u00e4lsans andra delar, till exempel skolpsykolog och kurator. I s\u00e5 fall hanterar elevh\u00e4lsan information om eleven f\u00f6r att st\u00f6dja elevens utveckling mot utbildningens m\u00e5l och skapa milj\u00f6er som fr\u00e4mjar elevernas l\u00e4rande, utveckling och h\u00e4lsa. Elevh\u00e4lsan arbetar \u00e4ven med fr\u00e5gor om elevernas arbetsmilj\u00f6 och skolans v\u00e4rdegrund.<\/p>\n<p>Informationen som behandlas kommer fr\u00e5n eleven eller elevens v\u00e5rdnadshavare. Den kan ocks\u00e5 tas fram av personalen p\u00e5 skolan, eller komma fr\u00e5n en utomst\u00e5ende k\u00e4lla, till exempel en tidigare skola.<\/p>\n<p><strong>De personuppgifter som behandlas h\u00e4r \u00e4r f\u00f6ljande kategorier:<\/strong><\/p>\n<ul>\n<li>Anm\u00e4lan till rektor om omfattande fr\u00e5nvaro<\/li>\n<li>Anm\u00e4lan till rektor om s\u00e4rskilt st\u00f6d<\/li>\n<li>Beslut om anpassad studieg\u00e5ng<\/li>\n<li>Beslut om enskild undervisning<\/li>\n<li>Beslut om placering i annan undervisningsgrupp<\/li>\n<li>Beslut om \u00e5tg\u00e4rdsprogram<\/li>\n<li>Dokumentation av extra anpassningar<\/li>\n<li>Dokumentation f\u00f6r s\u00e4rskilt st\u00f6d<\/li>\n<li>Dokumentation f\u00f6r till\u00e4ggsbelopp<\/li>\n<li>Dokumentation v\u00e4gledningssamtal<\/li>\n<li>EHT-anteckning, elevh\u00e4lsans<\/li>\n<li>Utredningar<\/li>\n<li>Elevh\u00e4lsoteamets anteckningar<\/li>\n<li>Kuratorsakt<\/li>\n<li>Konsultremiss<\/li>\n<li>Kurators anteckningar<\/li>\n<li>N\u00e4rvaro<\/li>\n<li>Psykologisk anamnes<\/li>\n<li>Psykologiska journalanteckningar<\/li>\n<li>Psykosocial status<\/li>\n<li>Specialkost<\/li>\n<li>Specialpedagogiska behov<\/li>\n<li>Utvecklingsplan<\/li>\n<li>Medicin och underlag f\u00f6r egenv\u00e5rd<\/li>\n<\/ul>\n<p><strong>Mottagare av personuppgifterna:<\/strong> Rektor, elevh\u00e4lsa, v\u00e5rdnadshavare, leverant\u00f6r av system. Arbete sker dels i Prorenata och Schoolsoft d\u00e4r ingen \u00f6verf\u00f6ring till tredjeland sker. Visst arbete sker i Google d\u00e5 exponeras uppgifter till USA baserat p\u00e5 adekvansbeslut EU-US Data Privacy Framework i enlighet med art. 45 GDPR. F\u00f6r specialkost kan informationen samlas in genom Mina Sidor och d\u00e5 delas uppgifterna med leverant\u00f6ren Oneflow, uppgifterna \u00f6verf\u00f6rs inte till tredjeland. Vid behov av egenv\u00e5rd kan medarbetare ha tillg\u00e5ng till l\u00e4kemedel eller egenv\u00e5rdsplan i l\u00e5st sk\u00e5p.<\/p>\n<p>Beroende p\u00e5 varum\u00e4rke s\u00e5 anv\u00e4nds ytterligare tj\u00e4nster f\u00f6r elevh\u00e4lsans arbete, inom gymnasiesegmentet anv\u00e4nds b\u00e5de DF Response och Studybee, informationen \u00f6verf\u00f6rs inte till tredjeland. Vid fr\u00e5gor eller om du vill ha mer information om vilket system som anv\u00e4nds, kontakta din skola.<\/p>\n<p><strong>R\u00e4ttslig grund:<\/strong> Allm\u00e4nt intresse, tillhandah\u00e5lla elevh\u00e4lsa och elevst\u00f6djande insatser 2 kap. 25, 27, 28 \u00a7 Skollagen (2010:800), Allm\u00e4nt intresse, erbjuda skolm\u00e5ltid 16 kap. 53 \u00a7 Skollagen.<\/p>\n<p><strong>Bevarande tid:<\/strong> Beroende p\u00e5 typ av handling gallras informationen vid olika tidpunkter, mer specifik information finns i <a href=\"https:\/\/medarbetare.academedia.se\/gymnasieskola\/juridik\/arkiveringsplan\/\" target=\"_blank\" rel=\"noopener\">AcadeMedias Arkiveringsplan<\/a>.<\/p>\n<p>&nbsp;<\/p>\n<h3>Hantera s\u00e4rskilt st\u00f6d och ans\u00f6kan om till\u00e4ggsbelopp<\/h3>\n<p>B\u00e5de i skollagen och i l\u00e4roplanen beskrivs det tydligt att skolan ska s\u00e4rskilt uppm\u00e4rksamma elever i behov av s\u00e4rskilt st\u00f6d och att vi ska ge det st\u00f6d som deras speciella behov kr\u00e4ver. Ibland \u00e4r behoven ut\u00f6ver det som skolan kan erbjuda inom ramen f\u00f6r verksamheten och kan beh\u00f6va s\u00f6ka till\u00e4ggsbelopp f\u00f6r att m\u00f6ta enskilda elevers behov. Vi kan d\u00e4rf\u00f6r beh\u00f6va behandla uppgifter om eleven f\u00f6r att hantera och bem\u00f6ta r\u00e4ttsliga krav kopplat till till\u00e4ggsbeloppsans\u00f6kan samt f\u00f6r att tillhandah\u00e5lla s\u00e4rskilt st\u00f6d. I samband med det behandlas f\u00f6ljande personuppgifter:<\/p>\n<ul>\n<li>Namn<\/li>\n<li>Personnummer<\/li>\n<li>Skola och klass<\/li>\n<li>Pedagogisk kartl\u00e4ggning<\/li>\n<li>Handlingsplan<\/li>\n<li>Ans\u00f6kan om till\u00e4ggsbelopp<\/li>\n<li>Uppgifter om h\u00e4lsa kopplat till behovet om s\u00e4rskilt st\u00f6d<\/li>\n<\/ul>\n<p><strong>Mottagare av personuppgifter:<\/strong> Rektor, hemkommun<\/p>\n<p><strong>R\u00e4ttslig grund:<\/strong> R\u00e4ttslig f\u00f6rpliktelse, tillhandah\u00e5lla s\u00e4rskilt st\u00f6d i gymnasiet 3 kap. 9\u00a7 skollagen (2010:800, ans\u00f6kan om till\u00e4ggsbelopp 16 kap. 54 \u00a7 skollagen (2010:800).<\/p>\n<p><strong>Bevarande tid:<\/strong> Dokumentation f\u00f6r s\u00e4rskilt st\u00f6d gallras efter \u00f6verl\u00e4mning vid \u00f6verg\u00e5ng till grundskolan, dokumentation avseende till\u00e4ggsbelopp gallras efter 10 \u00e5r.<\/p>\n<p>&nbsp;<\/p>\n<h3>Marknadsf\u00f6ring och informationsutskick<\/h3>\n<p>V\u00e5rdnadshavare eller elever beroende p\u00e5 \u00e5lder p\u00e5 v\u00e5ra skolor kan ge samtycke till, med andra ord godk\u00e4nna, att skolan kan fotografera, filma eller spela in ljud med elever, som skolan sedan kan anv\u00e4nda i marknadsf\u00f6ring och informationsutskick.<\/p>\n<p>Om samtycke l\u00e4mnats f\u00e5r eleven vara med p\u00e5 bilder, filmer och ljud som vi publicerar p\u00e5 v\u00e5ra sociala medier, till exempel Instagram, Facebook och TikTok s\u00e5 behandlas elevens personuppgifter \u00e4ven d\u00e4r. N\u00e4r du skrev under samtyckesblanketten fick du information om f\u00f6ruts\u00e4ttningarna f\u00f6r publiceringen och vad samtycket g\u00e4ller, samma information finns samlad h\u00e4r.<\/p>\n<p>N\u00e4r vi anv\u00e4nder material inneh\u00e5llande personuppgifter inom v\u00e5ra verksamheter, ska det ske med beaktande av dataskyddsf\u00f6rordningen (GDPR). F\u00f6r att f\u00e5 fotografera, filma, spela in ljud eller skriva om elever och sprida materialet internt eller i marknadsf\u00f6ringssyfte, beh\u00f6vs samtycke fr\u00e5n elev\/v\u00e5rdnadshavare. Elev kan samtycka utan v\u00e5rdnadshavares underskrift om eleven \u00e4r \u00f6ver 16 \u00e5r. I annat fall kr\u00e4vs b\u00e5da v\u00e5rdnadshavares underskrifter. Om endast en v\u00e5rdnadshavare l\u00e4mnar sitt samtycke r\u00e4knas det som att samtycke saknas f\u00f6r eleven.<\/p>\n<p><strong>Intern information och marknadsf\u00f6ring<\/strong><br \/>\nSkolan \u00e4r b\u00e5de en del av Snitz Gymnasium och AcadeMedia-koncernen. Ibland skapas och anv\u00e4nds material (bilder\/filmer\/ljud) i skolmilj\u00f6- eller sammanhang med medverkande elever i kompetensutvecklande syfte, exempelvis vid utbildningar eller n\u00e4tverk f\u00f6r rektorer eller l\u00e4rare. F\u00f6r att f\u00e5 lov att skapa och publicera material internt d\u00e4r eleven medverkar, beh\u00f6ver vi ditt samtycke. Materialet kommer som l\u00e4ngst publiceras i tre \u00e5r. Ifall samtycke givits kommer elev och v\u00e5rdnadshavare inte att informeras inf\u00f6r varje publiceringstillf\u00e4lle.<\/p>\n<p><strong>Extern information och marknadsf\u00f6ring<\/strong><br \/>\nF\u00f6r att fotografera, filma och\/eller spela in eleven i skolmilj\u00f6 eller undervisningssammanhang och d\u00e4refter publicera eller sprida materialet i marknadsf\u00f6ringssyfte (t.ex. i sociala medier, visning vid \u00f6ppet hus eller annonskampanjer) beh\u00f6ver vi ditt samtycke. Ifall samtycke givits kommer elev och v\u00e5rdnadshavare inte att informeras inf\u00f6r varje publiceringstillf\u00e4lle. Bilderna kommer som l\u00e4ngst att vara publicerade i tre \u00e5r.<\/p>\n<p><strong>\u00c5terkalla samtycke<\/strong><br \/>\nDu kan alltid \u00e5terkalla ditt samtycke genom att kontakta skolan, du beh\u00f6ver inte motivera varf\u00f6r. Ett tillbakadraget samtycke betyder dock inte att tidigare publiceringar blir olagliga, eftersom samtycket var giltigt under perioden som de publicerades.<\/p>\n<p><strong>Vid publiceringen behandlas f\u00f6ljande personuppgifter av eleven:<\/strong><\/p>\n<ul>\n<li>Bild, film- och\/eller ljud<\/li>\n<li>Eventuellt namn<\/li>\n<li>Skola<\/li>\n<\/ul>\n<p><strong>Mottagare av personuppgifter:<\/strong> Allm\u00e4nhet och f\u00f6ljare av v\u00e5ra sociala medier<\/p>\n<p><strong>R\u00e4ttslig grund:<\/strong> Samtycke, det kan \u00e5terkallas genom att kontakta skolan.<\/p>\n<p><strong>Bevarande tid:<\/strong> N\u00e4r tre \u00e5r har passerat, eller om samtycket tas tillbaka, kommer materialet tas bort fr\u00e5n v\u00e5rt arkiv och fr\u00e5n platser d\u00e4r det har publicerats. Om du har fr\u00e5gor om n\u00e4r uppgifterna kommer att raderas, kontakta skolan.<\/p>\n<p>&nbsp;<\/p>\n<h3>Rapportera statistik till SCB<\/h3>\n<p>Information om eleverna p\u00e5 v\u00e5ra skolor behandlas f\u00f6r att skolan m\u00e5ste redovisa information som ska ing\u00e5 i statistik f\u00f6r nationell utv\u00e4rdering. Informationen delas med Statistiska Centralbyr\u00e5n p\u00e5 uppdrag av Skolverket.<\/p>\n<p><strong>I samband med rapporteringen behandlas f\u00f6ljande personuppgifter:<\/strong><\/p>\n<ul>\n<li>Elevens personnummer<\/li>\n<li>Skolenhetskod<\/li>\n<li>Namn p\u00e5 skola<\/li>\n<li>\u00c5rskurs och klass<\/li>\n<li>Programkod, namn p\u00e5 program och inriktning<\/li>\n<li>Om eleven l\u00e4ser idrottsutbildning<\/li>\n<li>Information om nationella prov<\/li>\n<li>Om eleven f\u00f6ljer kursplanen f\u00f6r svenska som andraspr\u00e5k<\/li>\n<li>Det spr\u00e5k eleven l\u00e4ser enligt kursplan i moderna spr\u00e5k<\/li>\n<li>Ett spr\u00e5k om eleven f\u00f6ljer annan kursplan \u00e4n i moderna spr\u00e5k<\/li>\n<li>Om eleven har beslut om \u00e5tg\u00e4rdsprogram<\/li>\n<li>Om eleven f\u00e5r s\u00e4rskilt st\u00f6d i form av s\u00e4rskild undervisningsgrupp<\/li>\n<li>Om eleven f\u00e5r s\u00e4rskilt st\u00f6d i form av enskild undervisning<\/li>\n<li>Om eleven f\u00e5r s\u00e4rskilt st\u00f6d i form av anpassad studieg\u00e5ng<\/li>\n<li>Om eleven f\u00e5r studiehandledning p\u00e5 sitt modersm\u00e5l<\/li>\n<\/ul>\n<p><strong>Mottagare av personuppgifter:<\/strong> Medarbetare internt som sammanst\u00e4ller informationen, SCB och Skolverket<\/p>\n<p><strong>R\u00e4ttslig grund:<\/strong> R\u00e4ttslig f\u00f6rpliktelse, Uppgiftsskyldighet g\u00e4ller enligt 26 kap. 25 \u00a7 skollagen (2010:800). Av 1 \u00a7 f\u00f6rordningen (1992:1083) om viss uppgiftsskyldighet f\u00f6r huvudm\u00e4nnen inom skolv\u00e4sendet m.m. f\u00f6ljer att Skolverket f\u00e5r meddela f\u00f6reskrifter om vilka uppgifter som ska l\u00e4mnas. Insamlingen regleras av Skolverkets f\u00f6reskrifter (SKOLFS 2011:142) om uppgiftsinsamling fr\u00e5n huvudm\u00e4nnen inom skolv\u00e4sendet m.m. Statistiken regleras \u00e4ven av lagen (2001:99) och f\u00f6rordningen (2001:100) om den officiella statistiken.<\/p>\n<p><strong>Bevarande tid:<\/strong> Personuppgifterna som l\u00e4mnas ut bevaras och gallras i enlighet med vad som beskrivits under andra behandlingar, till exempel undervisning. Generellt bevaras uppgifterna under tiden eleven \u00e4r inskriven i verksamheten.<\/p>\n<p>&nbsp;<\/p>\n<h3>Hantera praktikplats<\/h3>\n<p>Beroende p\u00e5 vilket program en elev l\u00e4ser kan det f\u00f6rekomma praktik, b\u00e5de som arbetsplatsf\u00f6rlagt l\u00e4rande (APL) eller utlandspraktik genom Erasmus+ vilket sker i enlighet med de programstrukturer som finns f\u00f6r yrkesprogrammen. Vid APL tecknas ett utbildningskontrakt f\u00f6r varje elev och arbetsplats som elev, skolhuvudman och den som tillhandah\u00e5ller APL skriver under, skolhuvudmannen har ett ansvar att uppr\u00e4tta utbildningskontraktet, \u00e4r eleven inte myndig skriver \u00e4ven v\u00e5rdnadshavare under. Beroende p\u00e5 vilken typ av praktik en elev har kan kategorierna av personuppgifterna som behandlas variera men det kan vara f\u00f6ljande:<\/p>\n<ul>\n<li>Namn p\u00e5 elev, v\u00e5rdnadshavare, l\u00e4rare p\u00e5 skolenhet, handledare och skolhuvudman<\/li>\n<li>Uppl\u00e4gg f\u00f6r APL<\/li>\n<li>Adress<\/li>\n<li>E-post<\/li>\n<li>Telefonnummer<\/li>\n<li>Kontaktuppgifter till ansvarig p\u00e5 praktikplatsen<\/li>\n<li>Utbildning<\/li>\n<li>Omd\u00f6me f\u00f6r elevens APL<\/li>\n<\/ul>\n<p><strong>Mottagare av personuppgifter:<\/strong> Leverant\u00f6r av tj\u00e4nst som det hanteras i som Google, n\u00e4r Google anv\u00e4nds sker \u00f6verf\u00f6ring till USA baserat p\u00e5 adekvansbeslut EU-US Data Privacy Framework i enlighet med art. 45 GDPR.<\/p>\n<p><strong>R\u00e4ttslig grund:<\/strong> Allm\u00e4nt intresse, m\u00f6jligg\u00f6ra APL i enlighet med 6 kap. 11\u00a7 a skollagen (2010:800).<\/p>\n<p><strong>Bevarande tid:<\/strong> Personuppgifter bevaras under tiden elev \u00e4r inskriven i skolan och gallras d\u00e4refter om de inte beh\u00f6vs f\u00f6r andra \u00e4ndam\u00e5l, till exempel bevaras ekonomiska underlag f\u00f6r bokf\u00f6ringssyften i 7 \u00e5r.<\/p>\n<p>&nbsp;<\/p>\n<h3>Hantera ledighetsans\u00f6kan\u00a0f\u00f6r elev<\/h3>\n<p>Under vissa f\u00f6ruts\u00e4ttningar kan v\u00e5rdnadshavare ans\u00f6ka om ledighet f\u00f6r elev under p\u00e5g\u00e5ende termin utanf\u00f6r loven. I samband med detta behandlas f\u00f6ljande personuppgifter:<\/p>\n<ul>\n<li>Namn<\/li>\n<li>Personnummer<\/li>\n<li>Klass<\/li>\n<li>Namn och telefonnummer\/e-post v\u00e5rdnadshavare<\/li>\n<li>Anledning till ledighet kan inneb\u00e4ra att uppgifter om religion eller h\u00e4lsa behandlas<\/li>\n<li>Vid Erasmus+ utbyte kan ytterligare information behandlas<\/li>\n<li>Kommunikation om APL\/Erasmus<\/li>\n<\/ul>\n<p><strong>Mottagare av personuppgifter:<\/strong> Personal som mottar ans\u00f6kan, APL-plats, ansvarig l\u00e4rare om ledighet kortare \u00e4n 10 dagar och uppgiften \u00e4r delegerad, rektor, leverant\u00f6r av system som det hanteras i vilket fr\u00e4mst \u00e4r Google f\u00f6r Gmail och Schoolsoft.<\/p>\n<p><strong>R\u00e4ttslig grund:<\/strong> Allm\u00e4nt intresse, ans\u00f6kan om ledighet 7 kap. 18 \u00a7 Skollagen.<\/p>\n<p><strong>Bevarande tid:<\/strong> Personuppgifter bevaras under tiden eleven \u00e4r inskriven i skolan och gallras d\u00e4refter.<\/p>\n<p>&nbsp;<\/p>\n<h3>Anm\u00e4lningar till kommun<\/h3>\n<p>Vi har krav p\u00e5 oss i lag att genomf\u00f6ra olika anm\u00e4lningar till hemkommunen, till exempel skolpliktsanm\u00e4lningar, n\u00e4rvaroanm\u00e4lningar eller om elev slutar i v\u00e5r verksamhet. Detta ifall v\u00e5rdnadshavare inte fullg\u00f6r sin f\u00f6rpliktelse som denne har f\u00f6r eleven som har skolplikt. Mer information finns hos Skolverket <a href=\"https:\/\/www.skolverket.se\/regler-och-ansvar\/ansvar-i-skolfragor\/skolplikt-och-ratt-till-utbildning\" target=\"_blank\" rel=\"noopener\">Skolplikt och r\u00e4tt till utbildning<\/a>. Kopplat till detta behandlas f\u00f6ljande personuppgifter:<\/p>\n<ul>\n<li>Namn p\u00e5 elev och v\u00e5rdnadshavare<\/li>\n<li>Personnummer<\/li>\n<li>Adress<\/li>\n<li>Inneh\u00e5ll i orosanm\u00e4lan t ex beskrivning av familjesituation, livssituation<\/li>\n<li>Uppgifter om h\u00e4lsa eller religion kan f\u00f6rekomma i orosanm\u00e4lan<\/li>\n<\/ul>\n<p><strong>Mottagare av personuppgifter:<\/strong> Hemkommun<\/p>\n<p><strong>R\u00e4ttslig grund:<\/strong> Allm\u00e4nt intresse, genomf\u00f6r anm\u00e4lningar till hemkommun i enlighet med lag 7 kap. 22 \u00a7 Skollagen.<\/p>\n<p><strong>Bevarande tid:<\/strong> Information om elev bevaras under tiden elev \u00e4r inskriven i skolan och gallras d\u00e4refter.<\/p>\n<p>&nbsp;<\/p>\n<h3>Kommunikation med socialtj\u00e4nst<\/h3>\n<p>Under vissa f\u00f6ruts\u00e4ttningar kommunicerar vi med socialtj\u00e4nsten eller l\u00e4mnar ut uppgifter till dem, till exempel om vi g\u00f6r en orosanm\u00e4lan vilket det finns krav p\u00e5 i lag n\u00e4r vissa omst\u00e4ndigheter f\u00f6religger. Kontakten sker via rekommenderat brev alternativt e-tj\u00e4nster som kommunerna tillhandah\u00e5ller. Uppgifterna som l\u00e4mnas kommer fr\u00e5n personal p\u00e5 skolan, eleven sj\u00e4lv eller andra elever. Om detta sker behandlas f\u00f6ljande personuppgifter:<\/p>\n<ul>\n<li>Namn p\u00e5 elev och v\u00e5rdnadshavare<\/li>\n<li>Personnummer<\/li>\n<li>Adress<\/li>\n<li>Inneh\u00e5ll i orosanm\u00e4lan t ex beskrivning av familjesituation, livssituation<\/li>\n<li>Uppgifter om h\u00e4lsa eller religion kan f\u00f6rekomma i orosanm\u00e4lan<\/li>\n<\/ul>\n<p><strong>Mottagare av uppgifter:<\/strong> Rektor, socialtj\u00e4nst i hemkommun.<\/p>\n<p><strong>R\u00e4ttslig grund:<\/strong> R\u00e4ttslig f\u00f6rpliktelse, 14 kap. 1 \u00a7 Socialtj\u00e4nstlagen, uppgifter om h\u00e4lsa behandlas med st\u00f6d av art. 9 b) GDPR.<\/p>\n<p><strong>Bevarande tid:<\/strong> Underlag som skickas in ska inte sparas men det noteras att anm\u00e4lan gjorts.<\/p>\n\n\t\t\t\t\t\t<\/div>\n\t\t\t\t\t<\/div>\n\t\t\t\t<\/li>\n\t\t\t\t\t<\/ul>\n\t\t\t<\/div>\n\n\t\t\t<\/div>\n\n\t\t\n\n<\/section>\n\n\n\n\n\n<section  class=\"ams-faq ams_event_module c-block l-stacked js-load-more\" data-color-scheme=\"poangplan\" data-count=\"10\" data-count-mobile=\"4\">\n\t<div class=\"l-container l-stack l-stack-fluid-2xl u-pt-fluid-3xl-6xl u-pb-fluid-3xl-6xl is-center is-center@md\">\n\t\t\t\t\t<div class=\"ams-faq__intro l-stack l-stack-lg\">\n\t\t\t\t\t\n\t<h2\n\tclass=\"c-heading u-font-title-1 \"\n\tstyle=\"\">\n\t\t\n\t\t\t\t\tCookiepolicy\n\t\t\t\t\n\t<\/h2>\n\n\t\t\t\t\t\t\t<\/div>\n\t\t\n\t\t\n\t\n\t    \n\t\n\t<ul\n\t\tid=\"ams-faq-list-69f1a676d9b92\"\n\t\tclass=\"ams-faq__ac ams-accordion_module c-accordion js-results \"\n\t\taria-label=\"Vanliga fr\u00e5gor\"\n\t\tdata-variant=\"border-between\"\n\t\tdata-ajax-action=\"log_faq_view\"\n\t\tdata-ajax-url=\"https:\/\/snitz.se\/gymnasium\/wp-admin\/admin-ajax.php\"\n\t\tdata-ajax-nonce=\"e849574929\"\n\t\tdata-filter-animation=\"off\">\n\n\t\t\n\t\t\t\t\t\t\t\t\t\t\t\t\t\t\t\n\t\t\t\n\t\t\t<li data-ajax-id=\"1046\" class=\"c-accordion__item \"\n\t\t\tdata-filter=\"cookiepolicy december-2024\"\n\t\t\t>\n\t\t\t\t<h3 class=\"c-accordion__header\">\n\t\t\t\t\t\t\t\t\t\t<button class=\"c-accordion__trigger u-py-sm u-px-fluid-md-xl u-font-title-4\">\n\t\t\t\t\t\t<span>Om man vill undvika cookies<\/span>\n\t\t\t\t\t\t<svg class=\"ams-icon ams-icon__arrow-down\" width=\"24\" height=\"24\" viewbox=\"0 0 24 24\" fill=\"currentColor\" aria-hidden=\"true\" xmlns=\"http:\/\/www.w3.org\/2000\/svg\">\n\t\t\t\t\t\t\t\t\t\t\t\t\t<path d=\"m11.2033 18.4294-10.872894-10.67584c-.440539-.42594-.440539-1.1147 0-1.54065l.665495-.64345c.440539-.42595 1.152899-.42595 1.593439 0l9.41066 9.27114 9.4107-9.26207c.4405-.42595 1.1529-.42595 1.5934 0l.6655.64345c.4405.42594.4405 1.1147 0 1.54065l-10.8729 10.67587c-.4405.4168-1.1529.4168-1.5934-.0091z\"\/>\n\t\t\t\t\t\n\t\t\t\t\t\t<\/svg>\n\t\t\t\t\t<\/button>\n\t\t\t\t<\/h3>\n\t\t\t\t<div class=\"c-accordion__body l-stack u-font-body\">\n\t\t\t\t\t<div class=\"c-accordion__body__inner u-p-fluid-md-xl l-stack\">\n\t\t\t\t\t\t<p>De flesta webbl\u00e4sare accepterar automatiskt cookies. Om bes\u00f6karna inte vill till\u00e5ta cookies kan de v\u00e4gra cookies i respektive webbl\u00e4sares inst\u00e4llning och radera cookies som finns sparade p\u00e5 egen h\u00e5rddisk.<\/p>\n\n\t\t\t\t\t<\/div>\n\t\t\t\t<\/div>\n\t\t\t<\/li>\n\t\t\n\t\t\t\t\t\t\t\t\t\t\t\t\t\t\t\n\t\t\t\n\t\t\t<li data-ajax-id=\"1045\" class=\"c-accordion__item \"\n\t\t\tdata-filter=\"cookiepolicy december-2024\"\n\t\t\t>\n\t\t\t\t<h3 class=\"c-accordion__header\">\n\t\t\t\t\t\t\t\t\t\t<button class=\"c-accordion__trigger u-py-sm u-px-fluid-md-xl u-font-title-4\">\n\t\t\t\t\t\t<span>Vad \u00e4r cookies och vad anv\u00e4nds cookies till?<\/span>\n\t\t\t\t\t\t<svg class=\"ams-icon ams-icon__arrow-down\" width=\"24\" height=\"24\" viewbox=\"0 0 24 24\" fill=\"currentColor\" aria-hidden=\"true\" xmlns=\"http:\/\/www.w3.org\/2000\/svg\">\n\t\t\t\t\t\t\t\t\t\t\t\t\t<path d=\"m11.2033 18.4294-10.872894-10.67584c-.440539-.42594-.440539-1.1147 0-1.54065l.665495-.64345c.440539-.42595 1.152899-.42595 1.593439 0l9.41066 9.27114 9.4107-9.26207c.4405-.42595 1.1529-.42595 1.5934 0l.6655.64345c.4405.42594.4405 1.1147 0 1.54065l-10.8729 10.67587c-.4405.4168-1.1529.4168-1.5934-.0091z\"\/>\n\t\t\t\t\t\n\t\t\t\t\t\t<\/svg>\n\t\t\t\t\t<\/button>\n\t\t\t\t<\/h3>\n\t\t\t\t<div class=\"c-accordion__body l-stack u-font-body\">\n\t\t\t\t\t<div class=\"c-accordion__body__inner u-p-fluid-md-xl l-stack\">\n\t\t\t\t\t\t<p>Det finns tv\u00e5 typer av cookies; permanenta och tempor\u00e4ra (s.k. sessionscookies).<\/p>\n<p>Permanenta cookies lagras p\u00e5 en enhet under en l\u00e4ngre period f\u00f6r att webbplatsen ska kunna anpassas efter vars och ens \u00f6nskem\u00e5l, val och intressen. De anv\u00e4nds till exempel f\u00f6r att informera om vad som \u00e4r nytt sedan senaste bes\u00f6ket p\u00e5 webbplatsen. Dessa cookies kan sparas i upp till tv\u00e5 \u00e5r.<\/p>\n<p>Sessionscookies lagras tempor\u00e4rt p\u00e5 en dator n\u00e4r man bes\u00f6ker en webbplats och skickas mellan respektive dator och server under tiden man bes\u00f6ker webbplatsen. Dessa raderas n\u00e4r man st\u00e4nger ned sin webbl\u00e4sare. De anv\u00e4nds exempelvis f\u00f6r att h\u00e5lla reda p\u00e5 vilket spr\u00e5k som har valts.<\/p>\n\n\t\t\t\t\t<\/div>\n\t\t\t\t<\/div>\n\t\t\t<\/li>\n\t\t\n\t\t\t\t\t\t\t\t\t\t\t\t\t\t\t\n\t\t\t\n\t\t\t<li data-ajax-id=\"1044\" class=\"c-accordion__item \"\n\t\t\tdata-filter=\"cookiepolicy december-2024\"\n\t\t\t>\n\t\t\t\t<h3 class=\"c-accordion__header\">\n\t\t\t\t\t\t\t\t\t\t<button class=\"c-accordion__trigger u-py-sm u-px-fluid-md-xl u-font-title-4\">\n\t\t\t\t\t\t<span>Varf\u00f6r anv\u00e4nder AcadeMedia cookies?<\/span>\n\t\t\t\t\t\t<svg class=\"ams-icon ams-icon__arrow-down\" width=\"24\" height=\"24\" viewbox=\"0 0 24 24\" fill=\"currentColor\" aria-hidden=\"true\" xmlns=\"http:\/\/www.w3.org\/2000\/svg\">\n\t\t\t\t\t\t\t\t\t\t\t\t\t<path d=\"m11.2033 18.4294-10.872894-10.67584c-.440539-.42594-.440539-1.1147 0-1.54065l.665495-.64345c.440539-.42595 1.152899-.42595 1.593439 0l9.41066 9.27114 9.4107-9.26207c.4405-.42595 1.1529-.42595 1.5934 0l.6655.64345c.4405.42594.4405 1.1147 0 1.54065l-10.8729 10.67587c-.4405.4168-1.1529.4168-1.5934-.0091z\"\/>\n\t\t\t\t\t\n\t\t\t\t\t\t<\/svg>\n\t\t\t\t\t<\/button>\n\t\t\t\t<\/h3>\n\t\t\t\t<div class=\"c-accordion__body l-stack u-font-body\">\n\t\t\t\t\t<div class=\"c-accordion__body__inner u-p-fluid-md-xl l-stack\">\n\t\t\t\t\t\t<p>Genom att anv\u00e4nda cookies k\u00e4nner AcadeMedias webbplatser igen v\u00e5ra bes\u00f6kare som d\u00e5 inte beh\u00f6ver ange data p\u00e5 nytt varje g\u00e5ng man bes\u00f6ker v\u00e5ra webbplatser. AcadeMedia kan i sin tur anpassa tj\u00e4nsterna efter anv\u00e4ndarnas behov, s\u00e5 att man exempelvis inte beh\u00f6ver v\u00e4lja spr\u00e5k. Genom att cookies h\u00e5ller ordning p\u00e5 vad man tidigare visat intresse f\u00f6r, kan AcadeMedia skr\u00e4ddarsy information och erbjudanden fr\u00e5n bolag inom AcadeMedia-koncernen.<\/p>\n\n\t\t\t\t\t<\/div>\n\t\t\t\t<\/div>\n\t\t\t<\/li>\n\t\t\n\t\t\t\t\t\t\t\t\t\t\t\t\t\t\t\n\t\t\t\n\t\t\t<li data-ajax-id=\"1043\" class=\"c-accordion__item \"\n\t\t\tdata-filter=\"cookiepolicy december-2024\"\n\t\t\t>\n\t\t\t\t<h3 class=\"c-accordion__header\">\n\t\t\t\t\t\t\t\t\t\t<button class=\"c-accordion__trigger u-py-sm u-px-fluid-md-xl u-font-title-4\">\n\t\t\t\t\t\t<span>Hur anv\u00e4nder AcadeMedia cookies?<\/span>\n\t\t\t\t\t\t<svg class=\"ams-icon ams-icon__arrow-down\" width=\"24\" height=\"24\" viewbox=\"0 0 24 24\" fill=\"currentColor\" aria-hidden=\"true\" xmlns=\"http:\/\/www.w3.org\/2000\/svg\">\n\t\t\t\t\t\t\t\t\t\t\t\t\t<path d=\"m11.2033 18.4294-10.872894-10.67584c-.440539-.42594-.440539-1.1147 0-1.54065l.665495-.64345c.440539-.42595 1.152899-.42595 1.593439 0l9.41066 9.27114 9.4107-9.26207c.4405-.42595 1.1529-.42595 1.5934 0l.6655.64345c.4405.42594.4405 1.1147 0 1.54065l-10.8729 10.67587c-.4405.4168-1.1529.4168-1.5934-.0091z\"\/>\n\t\t\t\t\t\n\t\t\t\t\t\t<\/svg>\n\t\t\t\t\t<\/button>\n\t\t\t\t<\/h3>\n\t\t\t\t<div class=\"c-accordion__body l-stack u-font-body\">\n\t\t\t\t\t<div class=\"c-accordion__body__inner u-p-fluid-md-xl l-stack\">\n\t\t\t\t\t\t<p>AcadeMedia anv\u00e4nder cookies f\u00f6r utv\u00e4rdering av s\u00f6k- och anv\u00e4ndarbeteenden p\u00e5 AcadeMedias webbplatser f\u00f6r att vidareutveckla digitala tj\u00e4nster. Syftet \u00e4r att optimera anv\u00e4ndarupplevelsen, individualisera marknadsf\u00f6ringen och f\u00e5 statistik. Informationen kan komma att delas med andra bolag inom och utom AcadeMedia-koncernen. Det g\u00e4ller fr\u00e4mst v\u00e5ra samarbetspartner, till exempel webbyr\u00e5er men \u00e4ven Facebook, Google och Snapchat.<\/p>\n<p>Information samlas in och sparas med Google Analytics f\u00f6r att f\u00f6ra statistik och kunna f\u00f6rb\u00e4ttra v\u00e5ra bes\u00f6kares upplevelse p\u00e5 webbplatsen. Informationen som skapas av dessa cookies genom anv\u00e4ndning av webbplatsen, inklusive bes\u00f6karens IP-adress, vidarebefordras till och lagras av Google p\u00e5 servrar i USA. Google kan \u00f6verf\u00f6ra denna information till tredje part om det kr\u00e4vs enligt amerikansk lag eller i de fall en tredje part behandlar informationen f\u00f6r Googles r\u00e4kning. F\u00f6r ytterligare information kring Google Analytics och Googles informationsbehandling h\u00e4nvisas till Googles sekretesspolicy. Om bes\u00f6karen inte vill att bes\u00f6ken p\u00e5 v\u00e5ra webbplatser ska visas i statistiken i Google Analytics kan bes\u00f6karna installera ett till\u00e4gg i sin webbl\u00e4sare.<\/p>\n\n\t\t\t\t\t<\/div>\n\t\t\t\t<\/div>\n\t\t\t<\/li>\n\t\t\n\t\t\t\t\t\t\t\t\t\t\t\t\t\t\t\n\t\t\t\n\t\t\t<li data-ajax-id=\"1041\" class=\"c-accordion__item \"\n\t\t\tdata-filter=\"cookiepolicy december-2024\"\n\t\t\t>\n\t\t\t\t<h3 class=\"c-accordion__header\">\n\t\t\t\t\t\t\t\t\t\t<button class=\"c-accordion__trigger u-py-sm u-px-fluid-md-xl u-font-title-4\">\n\t\t\t\t\t\t<span>Vad g\u00e4ller f\u00f6r AcadeMedias webbplatser?<\/span>\n\t\t\t\t\t\t<svg class=\"ams-icon ams-icon__arrow-down\" width=\"24\" height=\"24\" viewbox=\"0 0 24 24\" fill=\"currentColor\" aria-hidden=\"true\" xmlns=\"http:\/\/www.w3.org\/2000\/svg\">\n\t\t\t\t\t\t\t\t\t\t\t\t\t<path d=\"m11.2033 18.4294-10.872894-10.67584c-.440539-.42594-.440539-1.1147 0-1.54065l.665495-.64345c.440539-.42595 1.152899-.42595 1.593439 0l9.41066 9.27114 9.4107-9.26207c.4405-.42595 1.1529-.42595 1.5934 0l.6655.64345c.4405.42594.4405 1.1147 0 1.54065l-10.8729 10.67587c-.4405.4168-1.1529.4168-1.5934-.0091z\"\/>\n\t\t\t\t\t\n\t\t\t\t\t\t<\/svg>\n\t\t\t\t\t<\/button>\n\t\t\t\t<\/h3>\n\t\t\t\t<div class=\"c-accordion__body l-stack u-font-body\">\n\t\t\t\t\t<div class=\"c-accordion__body__inner u-p-fluid-md-xl l-stack\">\n\t\t\t\t\t\t<p>Bes\u00f6karna samtycker till AcadeMedias anv\u00e4ndning av cookies i enlighet med denna Cookiepolicy genom att forts\u00e4tta anv\u00e4nda webbplatsen och ha webbl\u00e4saren inst\u00e4lld p\u00e5 att till\u00e5ta cookies.<\/p>\n\n\t\t\t\t\t<\/div>\n\t\t\t\t<\/div>\n\t\t\t<\/li>\n\t\t\t<\/ul>\n\n\t<div class=\"no-results u-mt-0 u-hide\" data-filter-fallback-id=\"ams-faq-list-69f1a676d9b92\">\n\t<p>Det finns inga resultat som matchar din filtrering.<\/p>\n<\/div>\n\n\t    <div class=\"ams-faq__more u-inline-items js-load-more-btn\">\n        <button href=\"#\"\n                class=\"c-btn\"\n                data-style=\"rounded\"\n                data-size=\"md\"\n                data-width=\"full-mobile\"\n                data-variant=\"outline\">\n        \tVisa fler resultat\n        <\/button>\n    <\/div>\n\n\n\t\t\n\t\t\t<\/div>\n\n\t\t\n\n<\/section>\n","protected":false},"excerpt":{"rendered":"<p>Hantering av personuppgifter N\u00e4r du \u00e4r elev eller v\u00e5rdnadshavare hos oss s\u00e5 beh\u00f6ver vi genomf\u00f6ra ett antal personuppgiftsbehandlingar f\u00f6r att kunna bedriva v\u00e5r verksamhet som \u00e4r att informera om och erbjuda utbildning. L\u00e4ngre ner p\u00e5 denna sida kan du v\u00e4lja den situation som motsvarar dig b\u00e4st och l\u00e4sa om vad, hur och f\u00f6r vilka \u00e4ndam\u00e5l&#8230;<\/p>\n","protected":false},"author":1,"featured_media":0,"parent":0,"menu_order":0,"comment_status":"closed","ping_status":"open","template":"","meta":{"footnotes":""},"yoast_head":"<!-- This site is optimized with the Yoast SEO plugin v22.0 - https:\/\/yoast.com\/wordpress\/plugins\/seo\/ -->\n<title>Snitz Gymnasium<\/title>\n<meta name=\"robots\" content=\"index, follow, max-snippet:-1, max-image-preview:large, max-video-preview:-1\" \/>\n<link rel=\"canonical\" href=\"https:\/\/snitz.se\/gymnasium\/hantering-av-personuppgifter\/\" \/>\n<meta property=\"og:locale\" content=\"sv_SE\" \/>\n<meta property=\"og:type\" content=\"article\" \/>\n<meta property=\"og:url\" content=\"https:\/\/snitz.se\/gymnasium\/hantering-av-personuppgifter\/\" \/>\n<meta property=\"og:site_name\" content=\"Snitz Gymnasium\" \/>\n<meta property=\"article:modified_time\" content=\"2024-12-19T09:53:06+00:00\" \/>\n<meta name=\"twitter:card\" content=\"summary_large_image\" \/>\n<meta name=\"twitter:label1\" content=\"Ber\u00e4knad l\u00e4stid\" \/>\n\t<meta name=\"twitter:data1\" content=\"28 minuter\" \/>\n<script type=\"application\/ld+json\" class=\"yoast-schema-graph\">{\"@context\":\"https:\/\/schema.org\",\"@graph\":[{\"@type\":\"WebPage\",\"@id\":\"https:\/\/snitz.se\/gymnasium\/hantering-av-personuppgifter\/\",\"url\":\"https:\/\/snitz.se\/gymnasium\/hantering-av-personuppgifter\/\",\"name\":\"Hantering av personuppgifter - Snitz Gymnasium\",\"isPartOf\":{\"@id\":\"https:\/\/snitz.se\/gymnasium\/#website\"},\"datePublished\":\"2024-01-10T15:22:02+00:00\",\"dateModified\":\"2024-12-19T09:53:06+00:00\",\"breadcrumb\":{\"@id\":\"https:\/\/snitz.se\/gymnasium\/hantering-av-personuppgifter\/#breadcrumb\"},\"inLanguage\":\"sv-SE\",\"potentialAction\":[{\"@type\":\"ReadAction\",\"target\":[\"https:\/\/snitz.se\/gymnasium\/hantering-av-personuppgifter\/\"]}]},{\"@type\":\"BreadcrumbList\",\"@id\":\"https:\/\/snitz.se\/gymnasium\/hantering-av-personuppgifter\/#breadcrumb\",\"itemListElement\":[{\"@type\":\"ListItem\",\"position\":1,\"name\":\"Hem\",\"item\":\"https:\/\/snitz.se\/gymnasium\/\"},{\"@type\":\"ListItem\",\"position\":2,\"name\":\"Hantering av personuppgifter\"}]},{\"@type\":\"WebSite\",\"@id\":\"https:\/\/snitz.se\/gymnasium\/#website\",\"url\":\"https:\/\/snitz.se\/gymnasium\/\",\"name\":\"Snitz Gymnasium\",\"description\":\"Just another WordPress site\",\"potentialAction\":[{\"@type\":\"SearchAction\",\"target\":{\"@type\":\"EntryPoint\",\"urlTemplate\":\"https:\/\/snitz.se\/gymnasium\/?s={search_term_string}\"},\"query-input\":\"required name=search_term_string\"}],\"inLanguage\":\"sv-SE\"}]}<\/script>\n<!-- \/ Yoast SEO plugin. -->","yoast_head_json":{"title":"Snitz Gymnasium","robots":{"index":"index","follow":"follow","max-snippet":"max-snippet:-1","max-image-preview":"max-image-preview:large","max-video-preview":"max-video-preview:-1"},"canonical":"https:\/\/snitz.se\/gymnasium\/hantering-av-personuppgifter\/","og_locale":"sv_SE","og_type":"article","og_url":"https:\/\/snitz.se\/gymnasium\/hantering-av-personuppgifter\/","og_site_name":"Snitz Gymnasium","article_modified_time":"2024-12-19T09:53:06+00:00","twitter_card":"summary_large_image","twitter_misc":{"Ber\u00e4knad l\u00e4stid":"28 minuter"},"schema":{"@context":"https:\/\/schema.org","@graph":[{"@type":"WebPage","@id":"https:\/\/snitz.se\/gymnasium\/hantering-av-personuppgifter\/","url":"https:\/\/snitz.se\/gymnasium\/hantering-av-personuppgifter\/","name":"Hantering av personuppgifter - Snitz Gymnasium","isPartOf":{"@id":"https:\/\/snitz.se\/gymnasium\/#website"},"datePublished":"2024-01-10T15:22:02+00:00","dateModified":"2024-12-19T09:53:06+00:00","breadcrumb":{"@id":"https:\/\/snitz.se\/gymnasium\/hantering-av-personuppgifter\/#breadcrumb"},"inLanguage":"sv-SE","potentialAction":[{"@type":"ReadAction","target":["https:\/\/snitz.se\/gymnasium\/hantering-av-personuppgifter\/"]}]},{"@type":"BreadcrumbList","@id":"https:\/\/snitz.se\/gymnasium\/hantering-av-personuppgifter\/#breadcrumb","itemListElement":[{"@type":"ListItem","position":1,"name":"Hem","item":"https:\/\/snitz.se\/gymnasium\/"},{"@type":"ListItem","position":2,"name":"Hantering av personuppgifter"}]},{"@type":"WebSite","@id":"https:\/\/snitz.se\/gymnasium\/#website","url":"https:\/\/snitz.se\/gymnasium\/","name":"Snitz Gymnasium","description":"Just another WordPress site","potentialAction":[{"@type":"SearchAction","target":{"@type":"EntryPoint","urlTemplate":"https:\/\/snitz.se\/gymnasium\/?s={search_term_string}"},"query-input":"required name=search_term_string"}],"inLanguage":"sv-SE"}]}},"_links":{"self":[{"href":"https:\/\/snitz.se\/gymnasium\/wp-json\/wp\/v2\/pages\/3"}],"collection":[{"href":"https:\/\/snitz.se\/gymnasium\/wp-json\/wp\/v2\/pages"}],"about":[{"href":"https:\/\/snitz.se\/gymnasium\/wp-json\/wp\/v2\/types\/page"}],"author":[{"embeddable":true,"href":"https:\/\/snitz.se\/gymnasium\/wp-json\/wp\/v2\/users\/1"}],"replies":[{"embeddable":true,"href":"https:\/\/snitz.se\/gymnasium\/wp-json\/wp\/v2\/comments?post=3"}],"version-history":[{"count":10,"href":"https:\/\/snitz.se\/gymnasium\/wp-json\/wp\/v2\/pages\/3\/revisions"}],"predecessor-version":[{"id":1050,"href":"https:\/\/snitz.se\/gymnasium\/wp-json\/wp\/v2\/pages\/3\/revisions\/1050"}],"wp:attachment":[{"href":"https:\/\/snitz.se\/gymnasium\/wp-json\/wp\/v2\/media?parent=3"}],"curies":[{"name":"wp","href":"https:\/\/api.w.org\/{rel}","templated":true}]}}